{"id":940,"date":"2025-10-05T14:40:47","date_gmt":"2025-10-05T14:40:47","guid":{"rendered":"https:\/\/colomboarchitecture.com\/?page_id=940"},"modified":"2026-03-11T14:20:03","modified_gmt":"2026-03-11T14:20:03","slug":"via-balilla-penthouse-milano","status":"publish","type":"page","link":"https:\/\/colomboarchitecture.com\/es\/via-balilla-penthouse-milano\/","title":{"rendered":"Via Balilla Penthouse, Milano"},"content":{"rendered":"<div data-elementor-type=\"wp-page\" data-elementor-id=\"940\" class=\"elementor elementor-940\" data-elementor-post-type=\"page\">\n\t\t\t\t<div class=\"elementor-element elementor-element-9a9d110 e-con-full e-flex e-con e-parent\" data-id=\"9a9d110\" data-element_type=\"container\" data-settings=\"{&quot;background_background&quot;:&quot;classic&quot;}\">\n\t\t\t\t<div class=\"elementor-element elementor-element-d262f63 elementor-widget elementor-widget-spacer\" data-id=\"d262f63\" data-element_type=\"widget\" data-widget_type=\"spacer.default\">\n\t\t\t\t\t\t\t<div class=\"elementor-spacer\">\n\t\t\t<div class=\"elementor-spacer-inner\"><\/div>\n\t\t<\/div>\n\t\t\t\t\t\t<\/div>\n\t\t\t\t<\/div>\n\t\t<div class=\"elementor-element elementor-element-546147b e-con-full e-flex e-con e-parent\" data-id=\"546147b\" data-element_type=\"container\">\n\t\t<div class=\"elementor-element elementor-element-44e2889 e-con-full e-flex e-con e-child\" data-id=\"44e2889\" data-element_type=\"container\">\n\t\t\t\t<div class=\"elementor-element elementor-element-4c1374b elementor-widget elementor-widget-heading\" data-id=\"4c1374b\" data-element_type=\"widget\" data-widget_type=\"heading.default\">\n\t\t\t\t\t<h1 class=\"elementor-heading-title elementor-size-default\">Via Balilla Penthouse\n<\/h1>\t\t\t\t<\/div>\n\t\t\t\t<div class=\"elementor-element elementor-element-6f2e96c elementor-widget elementor-widget-text-editor\" data-id=\"6f2e96c\" data-element_type=\"widget\" data-widget_type=\"text-editor.default\">\n\t\t\t\t\t\t\t\t\t<p>Milan, Italy<\/p>\t\t\t\t\t\t\t\t<\/div>\n\t\t\t\t<\/div>\n\t\t<div class=\"elementor-element elementor-element-7ed9e33 e-con-full e-flex e-con e-child\" data-id=\"7ed9e33\" data-element_type=\"container\">\n\t\t\t\t<div class=\"elementor-element elementor-element-4a028c4 elementor-widget elementor-widget-text-editor\" data-id=\"4a028c4\" data-element_type=\"widget\" data-widget_type=\"text-editor.default\">\n\t\t\t\t\t\t\t\t\t<p><strong>CATEGOR\u00cdA<\/strong><\/p><p>RESIDENCIAL<\/p><p><strong>EQUIPO<\/strong><\/p><p>Colombo Architecture<\/p><p><strong>SUPERFICIE<\/strong><\/p><p>200m2<\/p><p><strong>ESTADO<\/strong><\/p><p>COMPLETADO<\/p>\t\t\t\t\t\t\t\t<\/div>\n\t\t\t\t<\/div>\n\t\t<div class=\"elementor-element elementor-element-5d8185a e-con-full e-flex e-con e-child\" data-id=\"5d8185a\" data-element_type=\"container\">\n\t\t\t\t<div class=\"elementor-element elementor-element-363c8a3 elementor-widget elementor-widget-text-editor\" data-id=\"363c8a3\" data-element_type=\"widget\" data-widget_type=\"text-editor.default\">\n\t\t\t\t\t\t\t\t\t<p class=\"translation-block\">Este es nuestro primer proyecto en Mil\u00e1n.<\/p><p class=\"\">Un apartamento d\u00faplex, fruto de la unificaci\u00f3n de dos viviendas y dos \u00e1ticos en un edificio hist\u00f3rico de Mil\u00e1n, con una larga terraza ajardinada.<\/p><p class=\"\">Pensado para una familia joven apasionada por la cocina y los libros, optamos por demoler un forjado y crear un espectacular <strong>espacio de cocina y estar a doble altura,<\/strong> con vigas de madera vistas, entreplanta y lucernarios, una gran isla central y una biblioteca central en dos niveles.<\/p><p class=\"\">El dise\u00f1o est\u00e1 fuertemente influido por los edificios <strong>Milan art deco<\/strong> por el propio edificio que alberga la vivienda: sus curvas, los suelos de m\u00e1rmol de dibujo compuesto y los detalles redondeados.<\/p>\t\t\t\t\t\t\t\t<\/div>\n\t\t\t\t<\/div>\n\t\t\t\t<\/div>\n\t\t<div class=\"elementor-element elementor-element-0c1f027 e-con-full e-flex e-con e-parent\" data-id=\"0c1f027\" data-element_type=\"container\">\n\t\t<div class=\"elementor-element elementor-element-cd9661b e-con-full e-flex e-con e-child\" data-id=\"cd9661b\" data-element_type=\"container\">\n\t\t\t\t<div class=\"elementor-element elementor-element-15c94da elementor-widget elementor-widget-image\" data-id=\"15c94da\" data-element_type=\"widget\" data-widget_type=\"image.default\">\n\t\t\t\t\t\t\t\t\t\t\t\t\t\t\t<img fetchpriority=\"high\" decoding=\"async\" width=\"1152\" height=\"2048\" src=\"https:\/\/colomboarchitecture.com\/wp-content\/uploads\/2025\/10\/1PHOTO-2023-09-26-11-52-551.jpg\" class=\"attachment-full size-full wp-image-944\" alt=\"\" srcset=\"https:\/\/colomboarchitecture.com\/wp-content\/uploads\/2025\/10\/1PHOTO-2023-09-26-11-52-551.jpg 1152w, https:\/\/colomboarchitecture.com\/wp-content\/uploads\/2025\/10\/1PHOTO-2023-09-26-11-52-551-169x300.jpg 169w, https:\/\/colomboarchitecture.com\/wp-content\/uploads\/2025\/10\/1PHOTO-2023-09-26-11-52-551-576x1024.jpg 576w, https:\/\/colomboarchitecture.com\/wp-content\/uploads\/2025\/10\/1PHOTO-2023-09-26-11-52-551-768x1365.jpg 768w, https:\/\/colomboarchitecture.com\/wp-content\/uploads\/2025\/10\/1PHOTO-2023-09-26-11-52-551-864x1536.jpg 864w\" sizes=\"(max-width: 1152px) 100vw, 1152px\" \/>\t\t\t\t\t\t\t\t\t\t\t\t\t\t\t<\/div>\n\t\t\t\t<\/div>\n\t\t<div class=\"elementor-element elementor-element-b891cec e-con-full e-flex e-con e-child\" data-id=\"b891cec\" data-element_type=\"container\">\n\t\t\t\t<div class=\"elementor-element elementor-element-ea49968 elementor-widget elementor-widget-image\" data-id=\"ea49968\" data-element_type=\"widget\" data-widget_type=\"image.default\">\n\t\t\t\t\t\t\t\t\t\t\t\t\t\t\t<img decoding=\"async\" width=\"1480\" height=\"2048\" src=\"https:\/\/colomboarchitecture.com\/wp-content\/uploads\/2025\/10\/PHOTO-2023-09-26-11-52-5518-1.jpg\" class=\"attachment-full size-full wp-image-945\" alt=\"\" srcset=\"https:\/\/colomboarchitecture.com\/wp-content\/uploads\/2025\/10\/PHOTO-2023-09-26-11-52-5518-1.jpg 1480w, https:\/\/colomboarchitecture.com\/wp-content\/uploads\/2025\/10\/PHOTO-2023-09-26-11-52-5518-1-217x300.jpg 217w, https:\/\/colomboarchitecture.com\/wp-content\/uploads\/2025\/10\/PHOTO-2023-09-26-11-52-5518-1-740x1024.jpg 740w, https:\/\/colomboarchitecture.com\/wp-content\/uploads\/2025\/10\/PHOTO-2023-09-26-11-52-5518-1-768x1063.jpg 768w, https:\/\/colomboarchitecture.com\/wp-content\/uploads\/2025\/10\/PHOTO-2023-09-26-11-52-5518-1-1110x1536.jpg 1110w\" sizes=\"(max-width: 1480px) 100vw, 1480px\" \/>\t\t\t\t\t\t\t\t\t\t\t\t\t\t\t<\/div>\n\t\t\t\t<\/div>\n\t\t<div class=\"elementor-element elementor-element-7b89563 e-con-full e-flex e-con e-child\" data-id=\"7b89563\" data-element_type=\"container\">\n\t\t\t\t<div class=\"elementor-element elementor-element-8ac3b09 elementor-widget elementor-widget-image\" data-id=\"8ac3b09\" data-element_type=\"widget\" data-widget_type=\"image.default\">\n\t\t\t\t\t\t\t\t\t\t\t\t\t\t\t<img decoding=\"async\" width=\"1152\" height=\"2048\" src=\"https:\/\/colomboarchitecture.com\/wp-content\/uploads\/2025\/10\/PHOTO-2023-09-26-11-52-553.jpg\" class=\"attachment-full size-full wp-image-946\" alt=\"\" srcset=\"https:\/\/colomboarchitecture.com\/wp-content\/uploads\/2025\/10\/PHOTO-2023-09-26-11-52-553.jpg 1152w, https:\/\/colomboarchitecture.com\/wp-content\/uploads\/2025\/10\/PHOTO-2023-09-26-11-52-553-169x300.jpg 169w, https:\/\/colomboarchitecture.com\/wp-content\/uploads\/2025\/10\/PHOTO-2023-09-26-11-52-553-576x1024.jpg 576w, https:\/\/colomboarchitecture.com\/wp-content\/uploads\/2025\/10\/PHOTO-2023-09-26-11-52-553-768x1365.jpg 768w, https:\/\/colomboarchitecture.com\/wp-content\/uploads\/2025\/10\/PHOTO-2023-09-26-11-52-553-864x1536.jpg 864w\" sizes=\"(max-width: 1152px) 100vw, 1152px\" \/>\t\t\t\t\t\t\t\t\t\t\t\t\t\t\t<\/div>\n\t\t\t\t<\/div>\n\t\t\t\t<\/div>\n\t\t<div class=\"elementor-element elementor-element-6d4e0d7 e-con-full e-flex e-con e-parent\" data-id=\"6d4e0d7\" data-element_type=\"container\">\n\t\t<div class=\"elementor-element elementor-element-e562abf e-con-full e-flex e-con e-child\" data-id=\"e562abf\" data-element_type=\"container\">\n\t\t\t\t<div class=\"elementor-element elementor-element-250a255 elementor-widget elementor-widget-image\" data-id=\"250a255\" data-element_type=\"widget\" data-widget_type=\"image.default\">\n\t\t\t\t\t\t\t\t\t\t\t\t\t\t\t<img loading=\"lazy\" decoding=\"async\" width=\"1152\" height=\"2048\" src=\"https:\/\/colomboarchitecture.com\/wp-content\/uploads\/2025\/10\/PHOTO-2023-09-26-11-52-5512.jpg\" class=\"attachment-full size-full wp-image-947\" alt=\"\" srcset=\"https:\/\/colomboarchitecture.com\/wp-content\/uploads\/2025\/10\/PHOTO-2023-09-26-11-52-5512.jpg 1152w, https:\/\/colomboarchitecture.com\/wp-content\/uploads\/2025\/10\/PHOTO-2023-09-26-11-52-5512-169x300.jpg 169w, https:\/\/colomboarchitecture.com\/wp-content\/uploads\/2025\/10\/PHOTO-2023-09-26-11-52-5512-576x1024.jpg 576w, https:\/\/colomboarchitecture.com\/wp-content\/uploads\/2025\/10\/PHOTO-2023-09-26-11-52-5512-768x1365.jpg 768w, https:\/\/colomboarchitecture.com\/wp-content\/uploads\/2025\/10\/PHOTO-2023-09-26-11-52-5512-864x1536.jpg 864w\" sizes=\"(max-width: 1152px) 100vw, 1152px\" \/>\t\t\t\t\t\t\t\t\t\t\t\t\t\t\t<\/div>\n\t\t\t\t<\/div>\n\t\t<div class=\"elementor-element elementor-element-b86a71e e-con-full e-flex e-con e-child\" data-id=\"b86a71e\" data-element_type=\"container\">\n\t\t\t\t<div class=\"elementor-element elementor-element-b2fc2ac elementor-widget elementor-widget-image\" data-id=\"b2fc2ac\" data-element_type=\"widget\" data-widget_type=\"image.default\">\n\t\t\t\t\t\t\t\t\t\t\t\t\t\t\t<img loading=\"lazy\" decoding=\"async\" width=\"1152\" height=\"2048\" src=\"https:\/\/colomboarchitecture.com\/wp-content\/uploads\/2025\/10\/PHOTO-2023-09-26-11-52-5510.jpg\" class=\"attachment-full size-full wp-image-948\" alt=\"\" srcset=\"https:\/\/colomboarchitecture.com\/wp-content\/uploads\/2025\/10\/PHOTO-2023-09-26-11-52-5510.jpg 1152w, https:\/\/colomboarchitecture.com\/wp-content\/uploads\/2025\/10\/PHOTO-2023-09-26-11-52-5510-169x300.jpg 169w, https:\/\/colomboarchitecture.com\/wp-content\/uploads\/2025\/10\/PHOTO-2023-09-26-11-52-5510-576x1024.jpg 576w, https:\/\/colomboarchitecture.com\/wp-content\/uploads\/2025\/10\/PHOTO-2023-09-26-11-52-5510-768x1365.jpg 768w, https:\/\/colomboarchitecture.com\/wp-content\/uploads\/2025\/10\/PHOTO-2023-09-26-11-52-5510-864x1536.jpg 864w\" sizes=\"(max-width: 1152px) 100vw, 1152px\" \/>\t\t\t\t\t\t\t\t\t\t\t\t\t\t\t<\/div>\n\t\t\t\t<\/div>\n\t\t<div class=\"elementor-element elementor-element-3804cf1 e-con-full e-flex e-con e-child\" data-id=\"3804cf1\" data-element_type=\"container\">\n\t\t\t\t<div class=\"elementor-element elementor-element-bc97a50 elementor-widget elementor-widget-image\" data-id=\"bc97a50\" data-element_type=\"widget\" data-widget_type=\"image.default\">\n\t\t\t\t\t\t\t\t\t\t\t\t\t\t\t<img loading=\"lazy\" decoding=\"async\" width=\"1152\" height=\"2048\" src=\"https:\/\/colomboarchitecture.com\/wp-content\/uploads\/2025\/10\/PHOTO-2023-09-26-11-52-5528729.jpg\" class=\"attachment-full size-full wp-image-949\" alt=\"\" srcset=\"https:\/\/colomboarchitecture.com\/wp-content\/uploads\/2025\/10\/PHOTO-2023-09-26-11-52-5528729.jpg 1152w, https:\/\/colomboarchitecture.com\/wp-content\/uploads\/2025\/10\/PHOTO-2023-09-26-11-52-5528729-169x300.jpg 169w, https:\/\/colomboarchitecture.com\/wp-content\/uploads\/2025\/10\/PHOTO-2023-09-26-11-52-5528729-576x1024.jpg 576w, https:\/\/colomboarchitecture.com\/wp-content\/uploads\/2025\/10\/PHOTO-2023-09-26-11-52-5528729-768x1365.jpg 768w, https:\/\/colomboarchitecture.com\/wp-content\/uploads\/2025\/10\/PHOTO-2023-09-26-11-52-5528729-864x1536.jpg 864w\" sizes=\"(max-width: 1152px) 100vw, 1152px\" \/>\t\t\t\t\t\t\t\t\t\t\t\t\t\t\t<\/div>\n\t\t\t\t<\/div>\n\t\t\t\t<\/div>\n\t\t<div class=\"elementor-element elementor-element-f44e9e5 e-con-full e-flex e-con e-parent\" data-id=\"f44e9e5\" data-element_type=\"container\">\n\t\t<div class=\"elementor-element elementor-element-64e7d53 e-con-full e-flex e-con e-child\" data-id=\"64e7d53\" data-element_type=\"container\">\n\t\t\t\t<div class=\"elementor-element elementor-element-f37b8ac elementor-widget elementor-widget-image\" data-id=\"f37b8ac\" data-element_type=\"widget\" data-widget_type=\"image.default\">\n\t\t\t\t\t\t\t\t\t\t\t\t\t\t\t<img loading=\"lazy\" decoding=\"async\" width=\"1920\" height=\"2560\" src=\"https:\/\/colomboarchitecture.com\/wp-content\/uploads\/2025\/10\/Foto21-04-23103150-scaled.jpg\" class=\"attachment-full size-full wp-image-950\" alt=\"\" srcset=\"https:\/\/colomboarchitecture.com\/wp-content\/uploads\/2025\/10\/Foto21-04-23103150-scaled.jpg 1920w, https:\/\/colomboarchitecture.com\/wp-content\/uploads\/2025\/10\/Foto21-04-23103150-225x300.jpg 225w, https:\/\/colomboarchitecture.com\/wp-content\/uploads\/2025\/10\/Foto21-04-23103150-768x1024.jpg 768w, https:\/\/colomboarchitecture.com\/wp-content\/uploads\/2025\/10\/Foto21-04-23103150-1152x1536.jpg 1152w, https:\/\/colomboarchitecture.com\/wp-content\/uploads\/2025\/10\/Foto21-04-23103150-1536x2048.jpg 1536w\" sizes=\"(max-width: 1920px) 100vw, 1920px\" \/>\t\t\t\t\t\t\t\t\t\t\t\t\t\t\t<\/div>\n\t\t\t\t<\/div>\n\t\t<div class=\"elementor-element elementor-element-d955f40 e-con-full e-flex e-con e-child\" data-id=\"d955f40\" data-element_type=\"container\">\n\t\t\t\t<div class=\"elementor-element elementor-element-66307b2 elementor-widget elementor-widget-image\" data-id=\"66307b2\" data-element_type=\"widget\" data-widget_type=\"image.default\">\n\t\t\t\t\t\t\t\t\t\t\t\t\t\t\t<img loading=\"lazy\" decoding=\"async\" width=\"1920\" height=\"2560\" src=\"https:\/\/colomboarchitecture.com\/wp-content\/uploads\/2025\/10\/Foto21-04-23101842-scaled.jpg\" class=\"attachment-full size-full wp-image-951\" alt=\"\" srcset=\"https:\/\/colomboarchitecture.com\/wp-content\/uploads\/2025\/10\/Foto21-04-23101842-scaled.jpg 1920w, https:\/\/colomboarchitecture.com\/wp-content\/uploads\/2025\/10\/Foto21-04-23101842-225x300.jpg 225w, https:\/\/colomboarchitecture.com\/wp-content\/uploads\/2025\/10\/Foto21-04-23101842-768x1024.jpg 768w, https:\/\/colomboarchitecture.com\/wp-content\/uploads\/2025\/10\/Foto21-04-23101842-1152x1536.jpg 1152w, https:\/\/colomboarchitecture.com\/wp-content\/uploads\/2025\/10\/Foto21-04-23101842-1536x2048.jpg 1536w\" sizes=\"(max-width: 1920px) 100vw, 1920px\" \/>\t\t\t\t\t\t\t\t\t\t\t\t\t\t\t<\/div>\n\t\t\t\t<\/div>\n\t\t<div class=\"elementor-element elementor-element-4dbae07 e-con-full e-flex e-con e-child\" data-id=\"4dbae07\" data-element_type=\"container\">\n\t\t\t\t<div class=\"elementor-element elementor-element-06274ab elementor-widget elementor-widget-image\" data-id=\"06274ab\" data-element_type=\"widget\" data-widget_type=\"image.default\">\n\t\t\t\t\t\t\t\t\t\t\t\t\t\t\t<img loading=\"lazy\" decoding=\"async\" width=\"1247\" height=\"1600\" src=\"https:\/\/colomboarchitecture.com\/wp-content\/uploads\/2025\/10\/PHOTO-2023-11-15-19-59-58.jpg\" class=\"attachment-full size-full wp-image-952\" alt=\"\" srcset=\"https:\/\/colomboarchitecture.com\/wp-content\/uploads\/2025\/10\/PHOTO-2023-11-15-19-59-58.jpg 1247w, https:\/\/colomboarchitecture.com\/wp-content\/uploads\/2025\/10\/PHOTO-2023-11-15-19-59-58-234x300.jpg 234w, https:\/\/colomboarchitecture.com\/wp-content\/uploads\/2025\/10\/PHOTO-2023-11-15-19-59-58-798x1024.jpg 798w, https:\/\/colomboarchitecture.com\/wp-content\/uploads\/2025\/10\/PHOTO-2023-11-15-19-59-58-768x985.jpg 768w, https:\/\/colomboarchitecture.com\/wp-content\/uploads\/2025\/10\/PHOTO-2023-11-15-19-59-58-1197x1536.jpg 1197w\" sizes=\"(max-width: 1247px) 100vw, 1247px\" \/>\t\t\t\t\t\t\t\t\t\t\t\t\t\t\t<\/div>\n\t\t\t\t<\/div>\n\t\t\t\t<\/div>\n\t\t<div class=\"elementor-element elementor-element-40a42f6 e-con-full e-flex e-con e-parent\" data-id=\"40a42f6\" data-element_type=\"container\">\n\t\t<div class=\"elementor-element elementor-element-9d2cb50 e-con-full e-flex e-con e-child\" data-id=\"9d2cb50\" data-element_type=\"container\">\n\t\t\t\t<div class=\"elementor-element elementor-element-df51ce0 elementor-widget elementor-widget-image\" data-id=\"df51ce0\" data-element_type=\"widget\" data-widget_type=\"image.default\">\n\t\t\t\t\t\t\t\t\t\t\t\t\t\t\t<img loading=\"lazy\" decoding=\"async\" width=\"2500\" height=\"1875\" src=\"https:\/\/colomboarchitecture.com\/wp-content\/uploads\/2025\/10\/PERSPCUCINA-1.jpg\" class=\"attachment-full size-full wp-image-953\" alt=\"\" srcset=\"https:\/\/colomboarchitecture.com\/wp-content\/uploads\/2025\/10\/PERSPCUCINA-1.jpg 2500w, https:\/\/colomboarchitecture.com\/wp-content\/uploads\/2025\/10\/PERSPCUCINA-1-300x225.jpg 300w, https:\/\/colomboarchitecture.com\/wp-content\/uploads\/2025\/10\/PERSPCUCINA-1-1024x768.jpg 1024w, https:\/\/colomboarchitecture.com\/wp-content\/uploads\/2025\/10\/PERSPCUCINA-1-768x576.jpg 768w, https:\/\/colomboarchitecture.com\/wp-content\/uploads\/2025\/10\/PERSPCUCINA-1-1536x1152.jpg 1536w, https:\/\/colomboarchitecture.com\/wp-content\/uploads\/2025\/10\/PERSPCUCINA-1-2048x1536.jpg 2048w\" sizes=\"(max-width: 2500px) 100vw, 2500px\" \/>\t\t\t\t\t\t\t\t\t\t\t\t\t\t\t<\/div>\n\t\t\t\t<div class=\"elementor-element elementor-element-d5f608f elementor-widget elementor-widget-text-editor\" data-id=\"d5f608f\" data-element_type=\"widget\" data-widget_type=\"text-editor.default\">\n\t\t\t\t\t\t\t\t\t<p>Vista conceptual del espacio de cocina a doble altura y la entreplanta.<\/p>\t\t\t\t\t\t\t\t<\/div>\n\t\t\t\t<\/div>\n\t\t\t\t<\/div>\n\t\t<div class=\"elementor-element elementor-element-7a1de64 e-con-full e-flex e-con e-parent\" data-id=\"7a1de64\" data-element_type=\"container\">\n\t\t<div class=\"elementor-element elementor-element-4dcb95c e-con-full e-flex e-con e-child\" data-id=\"4dcb95c\" data-element_type=\"container\">\n\t\t\t\t<div class=\"elementor-element elementor-element-927a2f4 elementor-widget elementor-widget-image\" data-id=\"927a2f4\" data-element_type=\"widget\" data-widget_type=\"image.default\">\n\t\t\t\t\t\t\t\t\t\t\t\t\t\t\t<img loading=\"lazy\" decoding=\"async\" width=\"2500\" height=\"1650\" src=\"https:\/\/colomboarchitecture.com\/wp-content\/uploads\/2025\/10\/Balillaplantabaja.jpg\" class=\"attachment-full size-full wp-image-955\" alt=\"\" srcset=\"https:\/\/colomboarchitecture.com\/wp-content\/uploads\/2025\/10\/Balillaplantabaja.jpg 2500w, https:\/\/colomboarchitecture.com\/wp-content\/uploads\/2025\/10\/Balillaplantabaja-300x198.jpg 300w, https:\/\/colomboarchitecture.com\/wp-content\/uploads\/2025\/10\/Balillaplantabaja-1024x676.jpg 1024w, https:\/\/colomboarchitecture.com\/wp-content\/uploads\/2025\/10\/Balillaplantabaja-768x507.jpg 768w, https:\/\/colomboarchitecture.com\/wp-content\/uploads\/2025\/10\/Balillaplantabaja-1536x1014.jpg 1536w, https:\/\/colomboarchitecture.com\/wp-content\/uploads\/2025\/10\/Balillaplantabaja-2048x1352.jpg 2048w\" sizes=\"(max-width: 2500px) 100vw, 2500px\" \/>\t\t\t\t\t\t\t\t\t\t\t\t\t\t\t<\/div>\n\t\t\t\t<div class=\"elementor-element elementor-element-4c745b2 elementor-widget elementor-widget-text-editor\" data-id=\"4c745b2\" data-element_type=\"widget\" data-widget_type=\"text-editor.default\">\n\t\t\t\t\t\t\t\t\t<p>Planta inferior: entrada, cocina, comedor, sala de estar, ba\u00f1o, dormitorios y suite.<\/p>\t\t\t\t\t\t\t\t<\/div>\n\t\t\t\t<\/div>\n\t\t\t\t<\/div>\n\t\t<div class=\"elementor-element elementor-element-0c00816 e-con-full e-flex e-con e-parent\" data-id=\"0c00816\" data-element_type=\"container\">\n\t\t<div class=\"elementor-element elementor-element-06ccb5a e-con-full e-flex e-con e-child\" data-id=\"06ccb5a\" data-element_type=\"container\">\n\t\t\t\t<div class=\"elementor-element elementor-element-430d8c9 elementor-widget elementor-widget-image\" data-id=\"430d8c9\" data-element_type=\"widget\" data-widget_type=\"image.default\">\n\t\t\t\t\t\t\t\t\t\t\t\t\t\t\t<img loading=\"lazy\" decoding=\"async\" width=\"2500\" height=\"1645\" src=\"https:\/\/colomboarchitecture.com\/wp-content\/uploads\/2025\/10\/Balillaplantaaltillo.jpg\" class=\"attachment-full size-full wp-image-956\" alt=\"\" srcset=\"https:\/\/colomboarchitecture.com\/wp-content\/uploads\/2025\/10\/Balillaplantaaltillo.jpg 2500w, https:\/\/colomboarchitecture.com\/wp-content\/uploads\/2025\/10\/Balillaplantaaltillo-300x197.jpg 300w, https:\/\/colomboarchitecture.com\/wp-content\/uploads\/2025\/10\/Balillaplantaaltillo-1024x674.jpg 1024w, https:\/\/colomboarchitecture.com\/wp-content\/uploads\/2025\/10\/Balillaplantaaltillo-768x505.jpg 768w, https:\/\/colomboarchitecture.com\/wp-content\/uploads\/2025\/10\/Balillaplantaaltillo-1536x1011.jpg 1536w, https:\/\/colomboarchitecture.com\/wp-content\/uploads\/2025\/10\/Balillaplantaaltillo-2048x1348.jpg 2048w\" sizes=\"(max-width: 2500px) 100vw, 2500px\" \/>\t\t\t\t\t\t\t\t\t\t\t\t\t\t\t<\/div>\n\t\t\t\t<div class=\"elementor-element elementor-element-8983059 elementor-widget elementor-widget-text-editor\" data-id=\"8983059\" data-element_type=\"widget\" data-widget_type=\"text-editor.default\">\n\t\t\t\t\t\t\t\t\t<p>Planta de entreplanta: estudio y terraza.<\/p>\t\t\t\t\t\t\t\t<\/div>\n\t\t\t\t<\/div>\n\t\t\t\t<\/div>\n\t\t<div class=\"elementor-element elementor-element-d776f2d e-con-full e-flex e-con e-parent\" data-id=\"d776f2d\" data-element_type=\"container\">\n\t\t<div class=\"elementor-element elementor-element-40cccd3 e-con-full e-flex e-con e-child\" data-id=\"40cccd3\" data-element_type=\"container\">\n\t\t\t\t<div class=\"elementor-element elementor-element-6f6afbf elementor-widget elementor-widget-image\" data-id=\"6f6afbf\" data-element_type=\"widget\" data-widget_type=\"image.default\">\n\t\t\t\t\t\t\t\t\t\t\t\t\t\t\t<img loading=\"lazy\" decoding=\"async\" width=\"2500\" height=\"1390\" src=\"https:\/\/colomboarchitecture.com\/wp-content\/uploads\/2025\/10\/PERSPINGRESSO.jpg\" class=\"attachment-full size-full wp-image-954\" alt=\"\" srcset=\"https:\/\/colomboarchitecture.com\/wp-content\/uploads\/2025\/10\/PERSPINGRESSO.jpg 2500w, https:\/\/colomboarchitecture.com\/wp-content\/uploads\/2025\/10\/PERSPINGRESSO-300x167.jpg 300w, https:\/\/colomboarchitecture.com\/wp-content\/uploads\/2025\/10\/PERSPINGRESSO-1024x569.jpg 1024w, https:\/\/colomboarchitecture.com\/wp-content\/uploads\/2025\/10\/PERSPINGRESSO-768x427.jpg 768w, https:\/\/colomboarchitecture.com\/wp-content\/uploads\/2025\/10\/PERSPINGRESSO-1536x854.jpg 1536w, https:\/\/colomboarchitecture.com\/wp-content\/uploads\/2025\/10\/PERSPINGRESSO-2048x1139.jpg 2048w\" sizes=\"(max-width: 2500px) 100vw, 2500px\" \/>\t\t\t\t\t\t\t\t\t\t\t\t\t\t\t<\/div>\n\t\t\t\t<div class=\"elementor-element elementor-element-603cc29 elementor-widget elementor-widget-text-editor\" data-id=\"603cc29\" data-element_type=\"widget\" data-widget_type=\"text-editor.default\">\n\t\t\t\t\t\t\t\t\t<p>Vista conceptual de la entrada del apartamento y la cocina.<\/p>\t\t\t\t\t\t\t\t<\/div>\n\t\t\t\t<\/div>\n\t\t\t\t<\/div>\n\t\t<div class=\"elementor-element elementor-element-101d1f2 e-con-full e-flex e-con e-parent\" data-id=\"101d1f2\" data-element_type=\"container\">\n\t\t<div class=\"elementor-element elementor-element-9ff42fb e-con-full e-flex e-con e-child\" data-id=\"9ff42fb\" data-element_type=\"container\">\n\t\t\t\t<div class=\"elementor-element elementor-element-a829da4 elementor-widget elementor-widget-image\" data-id=\"a829da4\" data-element_type=\"widget\" data-widget_type=\"image.default\">\n\t\t\t\t\t\t\t\t\t\t\t\t\t\t\t<img loading=\"lazy\" decoding=\"async\" width=\"1920\" height=\"2560\" src=\"https:\/\/colomboarchitecture.com\/wp-content\/uploads\/2025\/10\/Foto21-04-23130539-scaled.jpg\" class=\"attachment-full size-full wp-image-957\" alt=\"\" srcset=\"https:\/\/colomboarchitecture.com\/wp-content\/uploads\/2025\/10\/Foto21-04-23130539-scaled.jpg 1920w, https:\/\/colomboarchitecture.com\/wp-content\/uploads\/2025\/10\/Foto21-04-23130539-225x300.jpg 225w, https:\/\/colomboarchitecture.com\/wp-content\/uploads\/2025\/10\/Foto21-04-23130539-768x1024.jpg 768w, https:\/\/colomboarchitecture.com\/wp-content\/uploads\/2025\/10\/Foto21-04-23130539-1152x1536.jpg 1152w, https:\/\/colomboarchitecture.com\/wp-content\/uploads\/2025\/10\/Foto21-04-23130539-1536x2048.jpg 1536w\" sizes=\"(max-width: 1920px) 100vw, 1920px\" \/>\t\t\t\t\t\t\t\t\t\t\t\t\t\t\t<\/div>\n\t\t\t\t<\/div>\n\t\t<div class=\"elementor-element elementor-element-0f0cae2 e-con-full e-flex e-con e-child\" data-id=\"0f0cae2\" data-element_type=\"container\">\n\t\t\t\t<div class=\"elementor-element elementor-element-b15ba61 elementor-widget elementor-widget-image\" data-id=\"b15ba61\" data-element_type=\"widget\" data-widget_type=\"image.default\">\n\t\t\t\t\t\t\t\t\t\t\t\t\t\t\t<img loading=\"lazy\" decoding=\"async\" width=\"1920\" height=\"2560\" src=\"https:\/\/colomboarchitecture.com\/wp-content\/uploads\/2025\/10\/Foto27-09-21183350-scaled.jpg\" class=\"attachment-full size-full wp-image-958\" alt=\"\" srcset=\"https:\/\/colomboarchitecture.com\/wp-content\/uploads\/2025\/10\/Foto27-09-21183350-scaled.jpg 1920w, https:\/\/colomboarchitecture.com\/wp-content\/uploads\/2025\/10\/Foto27-09-21183350-225x300.jpg 225w, https:\/\/colomboarchitecture.com\/wp-content\/uploads\/2025\/10\/Foto27-09-21183350-768x1024.jpg 768w, https:\/\/colomboarchitecture.com\/wp-content\/uploads\/2025\/10\/Foto27-09-21183350-1152x1536.jpg 1152w, https:\/\/colomboarchitecture.com\/wp-content\/uploads\/2025\/10\/Foto27-09-21183350-1536x2048.jpg 1536w\" sizes=\"(max-width: 1920px) 100vw, 1920px\" \/>\t\t\t\t\t\t\t\t\t\t\t\t\t\t\t<\/div>\n\t\t\t\t<\/div>\n\t\t<div class=\"elementor-element elementor-element-b449702 e-con-full e-flex e-con e-child\" data-id=\"b449702\" data-element_type=\"container\">\n\t\t\t\t<div class=\"elementor-element elementor-element-9e72447 elementor-widget elementor-widget-image\" data-id=\"9e72447\" data-element_type=\"widget\" data-widget_type=\"image.default\">\n\t\t\t\t\t\t\t\t\t\t\t\t\t\t\t<img loading=\"lazy\" decoding=\"async\" width=\"1920\" height=\"2560\" src=\"https:\/\/colomboarchitecture.com\/wp-content\/uploads\/2025\/10\/Foto21-04-232C130550-scaled.jpg\" class=\"attachment-full size-full wp-image-959\" alt=\"\" srcset=\"https:\/\/colomboarchitecture.com\/wp-content\/uploads\/2025\/10\/Foto21-04-232C130550-scaled.jpg 1920w, https:\/\/colomboarchitecture.com\/wp-content\/uploads\/2025\/10\/Foto21-04-232C130550-225x300.jpg 225w, https:\/\/colomboarchitecture.com\/wp-content\/uploads\/2025\/10\/Foto21-04-232C130550-768x1024.jpg 768w, https:\/\/colomboarchitecture.com\/wp-content\/uploads\/2025\/10\/Foto21-04-232C130550-1152x1536.jpg 1152w, https:\/\/colomboarchitecture.com\/wp-content\/uploads\/2025\/10\/Foto21-04-232C130550-1536x2048.jpg 1536w\" sizes=\"(max-width: 1920px) 100vw, 1920px\" \/>\t\t\t\t\t\t\t\t\t\t\t\t\t\t\t<\/div>\n\t\t\t\t<\/div>\n\t\t\t\t<\/div>\n\t\t<div class=\"elementor-element elementor-element-a4adad5 e-con-full e-flex e-con e-parent\" data-id=\"a4adad5\" data-element_type=\"container\">\n\t\t<div class=\"elementor-element elementor-element-d3c0031 e-con-full e-flex e-con e-child\" data-id=\"d3c0031\" data-element_type=\"container\">\n\t\t\t\t<div class=\"elementor-element elementor-element-c5fae76 elementor-widget elementor-widget-text-editor\" data-id=\"c5fae76\" data-element_type=\"widget\" data-widget_type=\"text-editor.default\">\n\t\t\t\t\t\t\t\t\t<p>El edificio existente. El proyecto hace referencia a los arcos y las molduras del edificio de viviendas milan\u00e9s del siglo XIX.<\/p>\t\t\t\t\t\t\t\t<\/div>\n\t\t\t\t<\/div>\n\t\t\t\t<\/div>\n\t\t<div class=\"elementor-element elementor-element-bee5faa e-con-full e-flex e-con e-parent\" data-id=\"bee5faa\" data-element_type=\"container\">\n\t\t<div class=\"elementor-element elementor-element-30128ca e-con-full e-flex e-con e-child\" data-id=\"30128ca\" data-element_type=\"container\">\n\t\t\t\t<div class=\"elementor-element elementor-element-f1da66f elementor-widget elementor-widget-text-editor\" data-id=\"f1da66f\" data-element_type=\"widget\" data-widget_type=\"text-editor.default\">\n\t\t\t\t\t\t\t\t\t<h4 class=\"translation-block\">Si deseas m\u00e1s informaci\u00f3n sobre este proyecto o hablar sobre una posible colaboraci\u00f3n con nosotros, ponte en contacto en <span style=\"text-decoration: underline\"><a href=\"mailto:info@colomboarchitecture.com?\" target=\"\">info@colomboarchitecture.com<\/a><\/span><\/h4>\t\t\t\t\t\t\t\t<\/div>\n\t\t\t\t<\/div>\n\t\t\t\t<\/div>\n\t\t\t\t<\/div>","protected":false},"excerpt":{"rendered":"<p>Via Balilla Penthouse Milan, Italy CATEGORY RESIDENTIAL TEAM Colombo Architecture SURFACE 200m2 STATUS COMPLETED This is our first Milanese project. A duplex apartment, result of unifying two apartments and two attics in a historic building in Milan, with a long, green terrace. Designed for a young family with a passion for cooking and books, we [&hellip;]<\/p>","protected":false},"author":1,"featured_media":0,"parent":0,"menu_order":0,"comment_status":"closed","ping_status":"closed","template":"","meta":{"footnotes":""},"class_list":["post-940","page","type-page","status-publish","hentry"],"_links":{"self":[{"href":"https:\/\/colomboarchitecture.com\/es\/wp-json\/wp\/v2\/pages\/940","targetHints":{"allow":["GET"]}}],"collection":[{"href":"https:\/\/colomboarchitecture.com\/es\/wp-json\/wp\/v2\/pages"}],"about":[{"href":"https:\/\/colomboarchitecture.com\/es\/wp-json\/wp\/v2\/types\/page"}],"author":[{"embeddable":true,"href":"https:\/\/colomboarchitecture.com\/es\/wp-json\/wp\/v2\/users\/1"}],"replies":[{"embeddable":true,"href":"https:\/\/colomboarchitecture.com\/es\/wp-json\/wp\/v2\/comments?post=940"}],"version-history":[{"count":16,"href":"https:\/\/colomboarchitecture.com\/es\/wp-json\/wp\/v2\/pages\/940\/revisions"}],"predecessor-version":[{"id":1546,"href":"https:\/\/colomboarchitecture.com\/es\/wp-json\/wp\/v2\/pages\/940\/revisions\/1546"}],"wp:attachment":[{"href":"https:\/\/colomboarchitecture.com\/es\/wp-json\/wp\/v2\/media?parent=940"}],"curies":[{"name":"wp","href":"https:\/\/api.w.org\/{rel}","templated":true}]}}