{"id":28,"date":"2025-09-12T07:43:42","date_gmt":"2025-09-12T07:43:42","guid":{"rendered":"https:\/\/colomboarchitecture.com\/?page_id=28"},"modified":"2026-01-09T06:08:21","modified_gmt":"2026-01-09T06:08:21","slug":"projects","status":"publish","type":"page","link":"https:\/\/colomboarchitecture.com\/es\/projects\/","title":{"rendered":"Proyectos"},"content":{"rendered":"<div data-elementor-type=\"wp-page\" data-elementor-id=\"28\" class=\"elementor elementor-28\" data-elementor-post-type=\"page\">\n\t\t\t\t<div class=\"elementor-element elementor-element-e262dcd e-con-full e-flex e-con e-parent\" data-id=\"e262dcd\" data-element_type=\"container\">\n\t\t\t\t<div class=\"elementor-element elementor-element-1896399 elementor-widget elementor-widget-heading\" data-id=\"1896399\" data-element_type=\"widget\" data-widget_type=\"heading.default\">\n\t\t\t\t\t<h1 class=\"elementor-heading-title elementor-size-default\">Proyectos De Arquitectura<\/h1>\t\t\t\t<\/div>\n\t\t\t\t<div class=\"elementor-element elementor-element-7669e4b elementor-widget elementor-widget-image\" data-id=\"7669e4b\" data-element_type=\"widget\" data-widget_type=\"image.default\">\n\t\t\t\t\t\t\t\t\t\t\t\t\t\t\t\t<a href=\"https:\/\/colomboarchitecture.com\/es\/palau-apartment\/\">\n\t\t\t\t\t\t\t<img fetchpriority=\"high\" decoding=\"async\" width=\"1981\" height=\"1321\" src=\"https:\/\/colomboarchitecture.com\/wp-content\/uploads\/2025\/09\/architectureproject.jpg\" class=\"attachment-full size-full wp-image-80\" alt=\"\" srcset=\"https:\/\/colomboarchitecture.com\/wp-content\/uploads\/2025\/09\/architectureproject.jpg 1981w, https:\/\/colomboarchitecture.com\/wp-content\/uploads\/2025\/09\/architectureproject-300x200.jpg 300w, https:\/\/colomboarchitecture.com\/wp-content\/uploads\/2025\/09\/architectureproject-1024x683.jpg 1024w, https:\/\/colomboarchitecture.com\/wp-content\/uploads\/2025\/09\/architectureproject-768x512.jpg 768w, https:\/\/colomboarchitecture.com\/wp-content\/uploads\/2025\/09\/architectureproject-1536x1024.jpg 1536w\" sizes=\"(max-width: 1981px) 100vw, 1981px\" \/>\t\t\t\t\t\t\t\t<\/a>\n\t\t\t\t\t\t\t\t\t\t\t\t\t\t\t<\/div>\n\t\t\t\t<div class=\"elementor-element elementor-element-256b487 elementor-widget elementor-widget-heading\" data-id=\"256b487\" data-element_type=\"widget\" data-widget_type=\"heading.default\">\n\t\t\t\t\t<h2 class=\"elementor-heading-title elementor-size-default\"><a href=\"https:\/\/colomboarchitecture.com\/es\/palau-apartment\/\">Palau Apartment, Barcelona<\/a><\/h2>\t\t\t\t<\/div>\n\t\t\t\t<div class=\"elementor-element elementor-element-85b3b1c elementor-widget elementor-widget-text-editor\" data-id=\"85b3b1c\" data-element_type=\"widget\" data-widget_type=\"text-editor.default\">\n\t\t\t\t\t\t\t\t\t<p>RESIDENCIAL<\/p><p>En el coraz\u00f3n del hist\u00f3rico casco antiguo de Barcelona, un antiguo <strong>apartamento<\/strong> que ha sido cuidadosamente renovado, incorporando elementos antiguos a trav\u00e9s de una filosof\u00eda \u00abwabi-sabi\u00bb. Este enfoque de dise\u00f1o abraza la belleza de la imperfecci\u00f3n, creando una atm\u00f3sfera \u00fanica. El espacio, de gran altura, presenta llamativos techos de doble altura con imponentes vigas de madera que refuerzan la sensaci\u00f3n de amplitud, y una escalera escult\u00f3rica y multifuncional que act\u00faa como pieza central, aportando tanto estilo como funcionalidad a la nueva vivienda, dise\u00f1ada para un cliente italiano que trabaja en el mundo de la moda.<\/p>\t\t\t\t\t\t\t\t<\/div>\n\t\t\t\t<\/div>\n\t\t<div class=\"elementor-element elementor-element-15c0e0a e-con-full e-flex e-con e-parent\" data-id=\"15c0e0a\" data-element_type=\"container\">\n\t\t<div class=\"elementor-element elementor-element-a0fe769 e-con-full e-flex e-con e-child\" data-id=\"a0fe769\" data-element_type=\"container\">\n\t\t\t\t<div class=\"elementor-element elementor-element-70f4104 elementor-widget elementor-widget-image\" data-id=\"70f4104\" data-element_type=\"widget\" data-widget_type=\"image.default\">\n\t\t\t\t\t\t\t\t\t\t\t\t\t\t\t\t<a href=\"https:\/\/colomboarchitecture.com\/es\/mcs-apartment-barcelona\/\">\n\t\t\t\t\t\t\t<img decoding=\"async\" width=\"1981\" height=\"1321\" src=\"https:\/\/colomboarchitecture.com\/wp-content\/uploads\/2025\/09\/architecturestudio.jpg\" class=\"attachment-full size-full wp-image-84\" alt=\"\" srcset=\"https:\/\/colomboarchitecture.com\/wp-content\/uploads\/2025\/09\/architecturestudio.jpg 1981w, https:\/\/colomboarchitecture.com\/wp-content\/uploads\/2025\/09\/architecturestudio-300x200.jpg 300w, https:\/\/colomboarchitecture.com\/wp-content\/uploads\/2025\/09\/architecturestudio-1024x683.jpg 1024w, https:\/\/colomboarchitecture.com\/wp-content\/uploads\/2025\/09\/architecturestudio-768x512.jpg 768w, https:\/\/colomboarchitecture.com\/wp-content\/uploads\/2025\/09\/architecturestudio-1536x1024.jpg 1536w\" sizes=\"(max-width: 1981px) 100vw, 1981px\" \/>\t\t\t\t\t\t\t\t<\/a>\n\t\t\t\t\t\t\t\t\t\t\t\t\t\t\t<\/div>\n\t\t\t\t<div class=\"elementor-element elementor-element-2768874 elementor-widget elementor-widget-heading\" data-id=\"2768874\" data-element_type=\"widget\" data-widget_type=\"heading.default\">\n\t\t\t\t\t<h2 class=\"elementor-heading-title elementor-size-default\"><a href=\"https:\/\/colomboarchitecture.com\/es\/mcs-apartment-barcelona\/\">MCS Apartment, Barcelona<\/a><\/h2>\t\t\t\t<\/div>\n\t\t\t\t<div class=\"elementor-element elementor-element-ae8a07f elementor-widget elementor-widget-text-editor\" data-id=\"ae8a07f\" data-element_type=\"widget\" data-widget_type=\"text-editor.default\">\n\t\t\t\t\t\t\t\t\t<p>RESIDENCIAL<\/p><p>Una reforma integral en el animado barrio de Sant Antoni en Barcelona: un <b>apartamento<\/b> que incorpora un bloque de cocina escult\u00f3rico en aluminio cepillado, realzado con detalles en m\u00e1rmol, dise\u00f1ado para un cliente alem\u00e1n amante del dise\u00f1o y de los materiales naturales.<\/p><p>\u00a0<\/p>\t\t\t\t\t\t\t\t<\/div>\n\t\t\t\t<\/div>\n\t\t<div class=\"elementor-element elementor-element-41f1fd3 e-con-full e-flex e-con e-child\" data-id=\"41f1fd3\" data-element_type=\"container\">\n\t\t\t\t<div class=\"elementor-element elementor-element-2b8d6b3 elementor-widget elementor-widget-image\" data-id=\"2b8d6b3\" data-element_type=\"widget\" data-widget_type=\"image.default\">\n\t\t\t\t\t\t\t\t\t\t\t\t\t\t\t\t<a href=\"https:\/\/colomboarchitecture.com\/es\/mediabrands-barcelona-offices\/\">\n\t\t\t\t\t\t\t<img decoding=\"async\" width=\"1981\" height=\"1321\" src=\"https:\/\/colomboarchitecture.com\/wp-content\/uploads\/2025\/09\/architecturefirm.jpg\" class=\"attachment-full size-full wp-image-85\" alt=\"\" srcset=\"https:\/\/colomboarchitecture.com\/wp-content\/uploads\/2025\/09\/architecturefirm.jpg 1981w, https:\/\/colomboarchitecture.com\/wp-content\/uploads\/2025\/09\/architecturefirm-300x200.jpg 300w, https:\/\/colomboarchitecture.com\/wp-content\/uploads\/2025\/09\/architecturefirm-1024x683.jpg 1024w, https:\/\/colomboarchitecture.com\/wp-content\/uploads\/2025\/09\/architecturefirm-768x512.jpg 768w, https:\/\/colomboarchitecture.com\/wp-content\/uploads\/2025\/09\/architecturefirm-1536x1024.jpg 1536w\" sizes=\"(max-width: 1981px) 100vw, 1981px\" \/>\t\t\t\t\t\t\t\t<\/a>\n\t\t\t\t\t\t\t\t\t\t\t\t\t\t\t<\/div>\n\t\t\t\t<div class=\"elementor-element elementor-element-03374db elementor-widget elementor-widget-heading\" data-id=\"03374db\" data-element_type=\"widget\" data-widget_type=\"heading.default\">\n\t\t\t\t\t<h2 class=\"elementor-heading-title elementor-size-default\"><a href=\"https:\/\/colomboarchitecture.com\/es\/mediabrands-barcelona-offices\/\">MEDIABRANDS Oficinas Barcelona<\/a><\/h2>\t\t\t\t<\/div>\n\t\t\t\t<div class=\"elementor-element elementor-element-53a7e8f elementor-widget elementor-widget-text-editor\" data-id=\"53a7e8f\" data-element_type=\"widget\" data-widget_type=\"text-editor.default\">\n\t\t\t\t\t\t\t\t\t<p>COMERCIAL, Oficinas Principales<\/p><p>Los espacios de trabajo <strong>en Barcelona<\/strong> para la multinacional de la comunicaci\u00f3n y todas sus marcas. 720 metros cuadrados de oficinas ubicados en el emblem\u00e1tico <em>Edifici Planeta,<\/em>una joya brutalista.<\/p>\t\t\t\t\t\t\t\t<\/div>\n\t\t\t\t<\/div>\n\t\t\t\t<\/div>\n\t\t<div class=\"elementor-element elementor-element-21b6205 e-con-full e-flex e-con e-parent\" data-id=\"21b6205\" data-element_type=\"container\">\n\t\t<div class=\"elementor-element elementor-element-7eec3c0 e-con-full e-flex e-con e-child\" data-id=\"7eec3c0\" data-element_type=\"container\">\n\t\t\t\t<div class=\"elementor-element elementor-element-9f79638 elementor-widget elementor-widget-image\" data-id=\"9f79638\" data-element_type=\"widget\" data-widget_type=\"image.default\">\n\t\t\t\t\t\t\t\t\t\t\t\t\t\t\t\t<a href=\"https:\/\/colomboarchitecture.com\/es\/el-quincho-cordoba-argentina\/\">\n\t\t\t\t\t\t\t<img loading=\"lazy\" decoding=\"async\" width=\"1080\" height=\"720\" src=\"https:\/\/colomboarchitecture.com\/wp-content\/uploads\/2025\/09\/El-Quincho-Cordoba-Argentina.jpg\" class=\"attachment-full size-full wp-image-89\" alt=\"\" srcset=\"https:\/\/colomboarchitecture.com\/wp-content\/uploads\/2025\/09\/El-Quincho-Cordoba-Argentina.jpg 1080w, https:\/\/colomboarchitecture.com\/wp-content\/uploads\/2025\/09\/El-Quincho-Cordoba-Argentina-300x200.jpg 300w, https:\/\/colomboarchitecture.com\/wp-content\/uploads\/2025\/09\/El-Quincho-Cordoba-Argentina-1024x683.jpg 1024w, https:\/\/colomboarchitecture.com\/wp-content\/uploads\/2025\/09\/El-Quincho-Cordoba-Argentina-768x512.jpg 768w\" sizes=\"(max-width: 1080px) 100vw, 1080px\" \/>\t\t\t\t\t\t\t\t<\/a>\n\t\t\t\t\t\t\t\t\t\t\t\t\t\t\t<\/div>\n\t\t\t\t<div class=\"elementor-element elementor-element-677e050 elementor-widget elementor-widget-heading\" data-id=\"677e050\" data-element_type=\"widget\" data-widget_type=\"heading.default\">\n\t\t\t\t\t<h2 class=\"elementor-heading-title elementor-size-default\"><a href=\"https:\/\/colomboarchitecture.com\/es\/el-quincho-cordoba-argentina\/\">El Quincho, C\u00f3rdoba, Argentina<\/a><\/h2>\t\t\t\t<\/div>\n\t\t\t\t<div class=\"elementor-element elementor-element-1d0805c elementor-widget elementor-widget-text-editor\" data-id=\"1d0805c\" data-element_type=\"widget\" data-widget_type=\"text-editor.default\">\n\t\t\t\t\t\t\t\t\t<p>RESIDENCIAL, Extenci\u00f3n<\/p><p>Un <strong>anexo<\/strong> a una casa familiar, concebida en torno al ritual del asado argentino. Cuenta con una chimenea de ladrillo visto y un porche para tomar \u201cmate\u201d, adem\u00e1s de una gran cubierta perforada por un \u00e1rbol preexistente.<\/p>\t\t\t\t\t\t\t\t<\/div>\n\t\t\t\t<\/div>\n\t\t<div class=\"elementor-element elementor-element-352c369 e-con-full e-flex e-con e-child\" data-id=\"352c369\" data-element_type=\"container\">\n\t\t\t\t<div class=\"elementor-element elementor-element-8618675 elementor-widget elementor-widget-image\" data-id=\"8618675\" data-element_type=\"widget\" data-widget_type=\"image.default\">\n\t\t\t\t\t\t\t\t\t\t\t\t\t\t\t\t<a href=\"https:\/\/colomboarchitecture.com\/es\/klinker-apartment-barcelona\/\">\n\t\t\t\t\t\t\t<img loading=\"lazy\" decoding=\"async\" width=\"1080\" height=\"720\" src=\"https:\/\/colomboarchitecture.com\/wp-content\/uploads\/2025\/09\/Klinker-Apartment-Barcelona.jpg\" class=\"attachment-full size-full wp-image-87\" alt=\"\" srcset=\"https:\/\/colomboarchitecture.com\/wp-content\/uploads\/2025\/09\/Klinker-Apartment-Barcelona.jpg 1080w, https:\/\/colomboarchitecture.com\/wp-content\/uploads\/2025\/09\/Klinker-Apartment-Barcelona-300x200.jpg 300w, https:\/\/colomboarchitecture.com\/wp-content\/uploads\/2025\/09\/Klinker-Apartment-Barcelona-1024x683.jpg 1024w, https:\/\/colomboarchitecture.com\/wp-content\/uploads\/2025\/09\/Klinker-Apartment-Barcelona-768x512.jpg 768w\" sizes=\"(max-width: 1080px) 100vw, 1080px\" \/>\t\t\t\t\t\t\t\t<\/a>\n\t\t\t\t\t\t\t\t\t\t\t\t\t\t\t<\/div>\n\t\t\t\t<div class=\"elementor-element elementor-element-6ad7d1b elementor-widget elementor-widget-heading\" data-id=\"6ad7d1b\" data-element_type=\"widget\" data-widget_type=\"heading.default\">\n\t\t\t\t\t<h2 class=\"elementor-heading-title elementor-size-default\"><a href=\"https:\/\/colomboarchitecture.com\/es\/klinker-apartment-barcelona\/\">Klinker Apartment, Barcelona<\/a><\/h2>\t\t\t\t<\/div>\n\t\t\t\t<div class=\"elementor-element elementor-element-0d5687c elementor-widget elementor-widget-text-editor\" data-id=\"0d5687c\" data-element_type=\"widget\" data-widget_type=\"text-editor.default\">\n\t\t\t\t\t\t\t\t\t<p>RESIDENCIAL, Apartamento Vacacional<\/p><p>El renacimiento de un apartamento de estilo Art Nouveau, el <strong>apartamento<\/strong> , renovado tras un gran incendio, se articula en torno a una cocina en colour block alrededor de la cual se desarrollan los espacios.<\/p>\t\t\t\t\t\t\t\t<\/div>\n\t\t\t\t<\/div>\n\t\t<div class=\"elementor-element elementor-element-7ae4173 e-con-full e-flex e-con e-child\" data-id=\"7ae4173\" data-element_type=\"container\">\n\t\t\t\t<div class=\"elementor-element elementor-element-820eb42 elementor-widget elementor-widget-image\" data-id=\"820eb42\" data-element_type=\"widget\" data-widget_type=\"image.default\">\n\t\t\t\t\t\t\t\t\t\t\t\t\t\t\t\t<a href=\"https:\/\/colomboarchitecture.com\/es\/paseo-de-gracia-penthouse-barcelona\/\">\n\t\t\t\t\t\t\t<img loading=\"lazy\" decoding=\"async\" width=\"1080\" height=\"720\" src=\"https:\/\/colomboarchitecture.com\/wp-content\/uploads\/2025\/09\/Paseo-de-Gracia-Penthouse-Barcelona.jpg\" class=\"attachment-full size-full wp-image-88\" alt=\"\" srcset=\"https:\/\/colomboarchitecture.com\/wp-content\/uploads\/2025\/09\/Paseo-de-Gracia-Penthouse-Barcelona.jpg 1080w, https:\/\/colomboarchitecture.com\/wp-content\/uploads\/2025\/09\/Paseo-de-Gracia-Penthouse-Barcelona-300x200.jpg 300w, https:\/\/colomboarchitecture.com\/wp-content\/uploads\/2025\/09\/Paseo-de-Gracia-Penthouse-Barcelona-1024x683.jpg 1024w, https:\/\/colomboarchitecture.com\/wp-content\/uploads\/2025\/09\/Paseo-de-Gracia-Penthouse-Barcelona-768x512.jpg 768w\" sizes=\"(max-width: 1080px) 100vw, 1080px\" \/>\t\t\t\t\t\t\t\t<\/a>\n\t\t\t\t\t\t\t\t\t\t\t\t\t\t\t<\/div>\n\t\t\t\t<div class=\"elementor-element elementor-element-7e84130 elementor-widget elementor-widget-heading\" data-id=\"7e84130\" data-element_type=\"widget\" data-widget_type=\"heading.default\">\n\t\t\t\t\t<h2 class=\"elementor-heading-title elementor-size-default\"><a href=\"https:\/\/colomboarchitecture.com\/es\/paseo-de-gracia-penthouse-barcelona\/\">Paseo de Gra\u0300cia Penthouse, Barcelona<\/a><\/h2>\t\t\t\t<\/div>\n\t\t\t\t<div class=\"elementor-element elementor-element-1a49a7c elementor-widget elementor-widget-text-editor\" data-id=\"1a49a7c\" data-element_type=\"widget\" data-widget_type=\"text-editor.default\">\n\t\t\t\t\t\t\t\t\t<p>RESIDENCIAL, Segunda Residencia<\/p><p>Una antigua planta de oficinas se ha transformado en un <strong>espectacular \u00e1tico de 200 m\u00b2<\/strong> en la \u00faltima planta de la avenida m\u00e1s exclusiva de Barcelona, rodeado de 100 m\u00b2 de terraza con vistas panor\u00e1micas impresionantes, dise\u00f1ado a medida para una familia de clientes noruegos.<\/p>\t\t\t\t\t\t\t\t<\/div>\n\t\t\t\t<\/div>\n\t\t\t\t<\/div>\n\t\t<div class=\"elementor-element elementor-element-bd3ff23 e-con-full e-flex e-con e-parent\" data-id=\"bd3ff23\" data-element_type=\"container\">\n\t\t<div class=\"elementor-element elementor-element-3a60800 e-con-full e-flex e-con e-child\" data-id=\"3a60800\" data-element_type=\"container\">\n\t\t\t\t<div class=\"elementor-element elementor-element-d45e24a elementor-widget elementor-widget-image\" data-id=\"d45e24a\" data-element_type=\"widget\" data-widget_type=\"image.default\">\n\t\t\t\t\t\t\t\t\t\t\t\t\t\t\t\t<a href=\"https:\/\/colomboarchitecture.com\/es\/font-6-apartment-barcelona\/\">\n\t\t\t\t\t\t\t<img loading=\"lazy\" decoding=\"async\" width=\"1080\" height=\"720\" src=\"https:\/\/colomboarchitecture.com\/wp-content\/uploads\/2025\/09\/Font-6-Apartment-Barcelona.jpg\" class=\"attachment-full size-full wp-image-94\" alt=\"\" srcset=\"https:\/\/colomboarchitecture.com\/wp-content\/uploads\/2025\/09\/Font-6-Apartment-Barcelona.jpg 1080w, https:\/\/colomboarchitecture.com\/wp-content\/uploads\/2025\/09\/Font-6-Apartment-Barcelona-300x200.jpg 300w, https:\/\/colomboarchitecture.com\/wp-content\/uploads\/2025\/09\/Font-6-Apartment-Barcelona-1024x683.jpg 1024w, https:\/\/colomboarchitecture.com\/wp-content\/uploads\/2025\/09\/Font-6-Apartment-Barcelona-768x512.jpg 768w\" sizes=\"(max-width: 1080px) 100vw, 1080px\" \/>\t\t\t\t\t\t\t\t<\/a>\n\t\t\t\t\t\t\t\t\t\t\t\t\t\t\t<\/div>\n\t\t\t\t<div class=\"elementor-element elementor-element-d2baa67 elementor-widget elementor-widget-heading\" data-id=\"d2baa67\" data-element_type=\"widget\" data-widget_type=\"heading.default\">\n\t\t\t\t\t<h2 class=\"elementor-heading-title elementor-size-default\"><a href=\"https:\/\/colomboarchitecture.com\/es\/font-6-apartment-barcelona\/\">Font 6 Apartment, Barcelona<\/a><\/h2>\t\t\t\t<\/div>\n\t\t\t\t<div class=\"elementor-element elementor-element-f53a13e elementor-widget elementor-widget-text-editor\" data-id=\"f53a13e\" data-element_type=\"widget\" data-widget_type=\"text-editor.default\">\n\t\t\t\t\t\t\t\t\t<p>RESIDENCIAL<\/p><p>Un <em>wunderkammer<\/em> llena de detalles, el <strong>apartamento<\/strong> fue dise\u00f1ado para un arquitecto, se articula en torno a una caja lacada en azul.<\/p>\t\t\t\t\t\t\t\t<\/div>\n\t\t\t\t<\/div>\n\t\t<div class=\"elementor-element elementor-element-98389b7 e-con-full e-flex e-con e-child\" data-id=\"98389b7\" data-element_type=\"container\">\n\t\t\t\t<div class=\"elementor-element elementor-element-87f78dd elementor-widget elementor-widget-image\" data-id=\"87f78dd\" data-element_type=\"widget\" data-widget_type=\"image.default\">\n\t\t\t\t\t\t\t\t\t\t\t\t\t\t\t\t<a href=\"https:\/\/colomboarchitecture.com\/es\/apartment-in-born-barcelona\/\">\n\t\t\t\t\t\t\t<img loading=\"lazy\" decoding=\"async\" width=\"1080\" height=\"720\" src=\"https:\/\/colomboarchitecture.com\/wp-content\/uploads\/2025\/09\/Apartment-in-Born-Barcelona.jpg\" class=\"attachment-full size-full wp-image-95\" alt=\"\" srcset=\"https:\/\/colomboarchitecture.com\/wp-content\/uploads\/2025\/09\/Apartment-in-Born-Barcelona.jpg 1080w, https:\/\/colomboarchitecture.com\/wp-content\/uploads\/2025\/09\/Apartment-in-Born-Barcelona-300x200.jpg 300w, https:\/\/colomboarchitecture.com\/wp-content\/uploads\/2025\/09\/Apartment-in-Born-Barcelona-1024x683.jpg 1024w, https:\/\/colomboarchitecture.com\/wp-content\/uploads\/2025\/09\/Apartment-in-Born-Barcelona-768x512.jpg 768w\" sizes=\"(max-width: 1080px) 100vw, 1080px\" \/>\t\t\t\t\t\t\t\t<\/a>\n\t\t\t\t\t\t\t\t\t\t\t\t\t\t\t<\/div>\n\t\t\t\t<div class=\"elementor-element elementor-element-92da3d1 elementor-widget elementor-widget-heading\" data-id=\"92da3d1\" data-element_type=\"widget\" data-widget_type=\"heading.default\">\n\t\t\t\t\t<h2 class=\"elementor-heading-title elementor-size-default\"><a href=\"https:\/\/colomboarchitecture.com\/es\/apartment-in-born-barcelona\/\">Apartment in Born, Barcelona<\/a><\/h2>\t\t\t\t<\/div>\n\t\t\t\t<div class=\"elementor-element elementor-element-8172b52 elementor-widget elementor-widget-text-editor\" data-id=\"8172b52\" data-element_type=\"widget\" data-widget_type=\"text-editor.default\">\n\t\t\t\t\t\t\t\t\t<p>RESIDENCIAL<\/p><p>Este <strong>apartamento<\/strong> residencial fue renovado integralmente para recuperar las majestuosas y monumentales proporciones de esta propiedad hist\u00f3rica. Un proyecto de reforma dise\u00f1ado a medida para un cliente italiano del mundo de la moda.<\/p>\t\t\t\t\t\t\t\t<\/div>\n\t\t\t\t<\/div>\n\t\t<div class=\"elementor-element elementor-element-e28e0de e-con-full e-flex e-con e-child\" data-id=\"e28e0de\" data-element_type=\"container\">\n\t\t\t\t<div class=\"elementor-element elementor-element-01ba48c elementor-widget elementor-widget-image\" data-id=\"01ba48c\" data-element_type=\"widget\" data-widget_type=\"image.default\">\n\t\t\t\t\t\t\t\t\t\t\t\t\t\t\t\t<a href=\"https:\/\/colomboarchitecture.com\/es\/sant-antoni-apartment-barcelona\/\">\n\t\t\t\t\t\t\t<img loading=\"lazy\" decoding=\"async\" width=\"1080\" height=\"720\" src=\"https:\/\/colomboarchitecture.com\/wp-content\/uploads\/2025\/09\/Sant-Antoni-Apartment-Barcelona.jpg\" class=\"attachment-full size-full wp-image-96\" alt=\"\" srcset=\"https:\/\/colomboarchitecture.com\/wp-content\/uploads\/2025\/09\/Sant-Antoni-Apartment-Barcelona.jpg 1080w, https:\/\/colomboarchitecture.com\/wp-content\/uploads\/2025\/09\/Sant-Antoni-Apartment-Barcelona-300x200.jpg 300w, https:\/\/colomboarchitecture.com\/wp-content\/uploads\/2025\/09\/Sant-Antoni-Apartment-Barcelona-1024x683.jpg 1024w, https:\/\/colomboarchitecture.com\/wp-content\/uploads\/2025\/09\/Sant-Antoni-Apartment-Barcelona-768x512.jpg 768w\" sizes=\"(max-width: 1080px) 100vw, 1080px\" \/>\t\t\t\t\t\t\t\t<\/a>\n\t\t\t\t\t\t\t\t\t\t\t\t\t\t\t<\/div>\n\t\t\t\t<div class=\"elementor-element elementor-element-8751c2a elementor-widget elementor-widget-heading\" data-id=\"8751c2a\" data-element_type=\"widget\" data-widget_type=\"heading.default\">\n\t\t\t\t\t<h2 class=\"elementor-heading-title elementor-size-default\"><a href=\"https:\/\/colomboarchitecture.com\/es\/sant-antoni-apartment-barcelona\/\">Sant Antoni Apartment, Barcelona<\/a><\/h2>\t\t\t\t<\/div>\n\t\t\t\t<div class=\"elementor-element elementor-element-fd10c5e elementor-widget elementor-widget-text-editor\" data-id=\"fd10c5e\" data-element_type=\"widget\" data-widget_type=\"text-editor.default\">\n\t\t\t\t\t\t\t\t\t<p>RESIDENCIAL<\/p><p>Este <strong>bachelor pad<\/strong> se basa por completo en las texturas y los colores neutros, dise\u00f1ado para un cliente local, apasionado del dise\u00f1o y del deporte, que expone sus bicicletas como parte del espacio.<\/p>\t\t\t\t\t\t\t\t<\/div>\n\t\t\t\t<\/div>\n\t\t\t\t<\/div>\n\t\t<div class=\"elementor-element elementor-element-74cf8fc e-con-full e-flex e-con e-parent\" data-id=\"74cf8fc\" data-element_type=\"container\">\n\t\t<div class=\"elementor-element elementor-element-e7f4f3e e-con-full e-flex e-con e-child\" data-id=\"e7f4f3e\" data-element_type=\"container\">\n\t\t\t\t<div class=\"elementor-element elementor-element-43252ba elementor-widget elementor-widget-image\" data-id=\"43252ba\" data-element_type=\"widget\" data-widget_type=\"image.default\">\n\t\t\t\t\t\t\t\t\t\t\t\t\t\t\t\t<a href=\"https:\/\/colomboarchitecture.com\/es\/t111-apartment-barcelona\/\">\n\t\t\t\t\t\t\t<img loading=\"lazy\" decoding=\"async\" width=\"1080\" height=\"720\" src=\"https:\/\/colomboarchitecture.com\/wp-content\/uploads\/2025\/09\/T111-Apartment-Barcelona.jpg\" class=\"attachment-full size-full wp-image-97\" alt=\"\" srcset=\"https:\/\/colomboarchitecture.com\/wp-content\/uploads\/2025\/09\/T111-Apartment-Barcelona.jpg 1080w, https:\/\/colomboarchitecture.com\/wp-content\/uploads\/2025\/09\/T111-Apartment-Barcelona-300x200.jpg 300w, https:\/\/colomboarchitecture.com\/wp-content\/uploads\/2025\/09\/T111-Apartment-Barcelona-1024x683.jpg 1024w, https:\/\/colomboarchitecture.com\/wp-content\/uploads\/2025\/09\/T111-Apartment-Barcelona-768x512.jpg 768w\" sizes=\"(max-width: 1080px) 100vw, 1080px\" \/>\t\t\t\t\t\t\t\t<\/a>\n\t\t\t\t\t\t\t\t\t\t\t\t\t\t\t<\/div>\n\t\t\t\t<div class=\"elementor-element elementor-element-e059488 elementor-widget elementor-widget-heading\" data-id=\"e059488\" data-element_type=\"widget\" data-widget_type=\"heading.default\">\n\t\t\t\t\t<h2 class=\"elementor-heading-title elementor-size-default\"><a href=\"https:\/\/colomboarchitecture.com\/es\/t111-apartment-barcelona\/\">T111 Apartment, Barcelona<\/a><\/h2>\t\t\t\t<\/div>\n\t\t\t\t<div class=\"elementor-element elementor-element-d6f82ce elementor-widget elementor-widget-text-editor\" data-id=\"d6f82ce\" data-element_type=\"widget\" data-widget_type=\"text-editor.default\">\n\t\t\t\t\t\t\t\t\t<p>RESIDENCIAL<\/p><p>Este compacto<strong> apartamento<\/strong> con una planta irregular, se beneficia de su nueva distribuci\u00f3n, que genera espacios limpios, despejados y bien organizados. Colores suaves, superficies t\u00e1ctiles y un ba\u00f1o grande y luminoso hacen de esta vivienda una propiedad muy especial.<\/p>\t\t\t\t\t\t\t\t<\/div>\n\t\t\t\t<\/div>\n\t\t<div class=\"elementor-element elementor-element-e56de7a e-con-full e-flex e-con e-child\" data-id=\"e56de7a\" data-element_type=\"container\">\n\t\t\t\t<div class=\"elementor-element elementor-element-804d476 elementor-widget elementor-widget-image\" data-id=\"804d476\" data-element_type=\"widget\" data-widget_type=\"image.default\">\n\t\t\t\t\t\t\t\t\t\t\t\t\t\t\t\t<a href=\"https:\/\/colomboarchitecture.com\/es\/tyche-apartment-barcelona\/\">\n\t\t\t\t\t\t\t<img loading=\"lazy\" decoding=\"async\" width=\"1080\" height=\"720\" src=\"https:\/\/colomboarchitecture.com\/wp-content\/uploads\/2025\/09\/Tyche-Apartment-Barcelona.jpg\" class=\"attachment-full size-full wp-image-98\" alt=\"\" srcset=\"https:\/\/colomboarchitecture.com\/wp-content\/uploads\/2025\/09\/Tyche-Apartment-Barcelona.jpg 1080w, https:\/\/colomboarchitecture.com\/wp-content\/uploads\/2025\/09\/Tyche-Apartment-Barcelona-300x200.jpg 300w, https:\/\/colomboarchitecture.com\/wp-content\/uploads\/2025\/09\/Tyche-Apartment-Barcelona-1024x683.jpg 1024w, https:\/\/colomboarchitecture.com\/wp-content\/uploads\/2025\/09\/Tyche-Apartment-Barcelona-768x512.jpg 768w\" sizes=\"(max-width: 1080px) 100vw, 1080px\" \/>\t\t\t\t\t\t\t\t<\/a>\n\t\t\t\t\t\t\t\t\t\t\t\t\t\t\t<\/div>\n\t\t\t\t<div class=\"elementor-element elementor-element-99256bf elementor-widget elementor-widget-heading\" data-id=\"99256bf\" data-element_type=\"widget\" data-widget_type=\"heading.default\">\n\t\t\t\t\t<h2 class=\"elementor-heading-title elementor-size-default\"><a href=\"https:\/\/colomboarchitecture.com\/es\/tyche-apartment-barcelona\/\">Tyche Apartment, Barcelona<\/a><\/h2>\t\t\t\t<\/div>\n\t\t\t\t<div class=\"elementor-element elementor-element-341c225 elementor-widget elementor-widget-text-editor\" data-id=\"341c225\" data-element_type=\"widget\" data-widget_type=\"text-editor.default\">\n\t\t\t\t\t\t\t\t\t<p>RESIDENCIAL, Apartamento Vacacional<\/p><p>Reforma integral de un apartamento en Eixample para <strong>renta vacacional<\/strong>, con el objetivo de maximizar la entrada de luz y crear una atm\u00f3sfera fresca y mediterr\u00e1nea.<\/p>\t\t\t\t\t\t\t\t<\/div>\n\t\t\t\t<\/div>\n\t\t<div class=\"elementor-element elementor-element-93f7ec7 e-con-full e-flex e-con e-child\" data-id=\"93f7ec7\" data-element_type=\"container\">\n\t\t\t\t<div class=\"elementor-element elementor-element-df33ecf elementor-widget elementor-widget-image\" data-id=\"df33ecf\" data-element_type=\"widget\" data-widget_type=\"image.default\">\n\t\t\t\t\t\t\t\t\t\t\t\t\t\t\t\t<a href=\"https:\/\/colomboarchitecture.com\/es\/rocha-apartment-barcelona\/\">\n\t\t\t\t\t\t\t<img loading=\"lazy\" decoding=\"async\" width=\"1080\" height=\"720\" src=\"https:\/\/colomboarchitecture.com\/wp-content\/uploads\/2025\/09\/Rocha-Apartment-Barcelona.jpg\" class=\"attachment-full size-full wp-image-99\" alt=\"\" srcset=\"https:\/\/colomboarchitecture.com\/wp-content\/uploads\/2025\/09\/Rocha-Apartment-Barcelona.jpg 1080w, https:\/\/colomboarchitecture.com\/wp-content\/uploads\/2025\/09\/Rocha-Apartment-Barcelona-300x200.jpg 300w, https:\/\/colomboarchitecture.com\/wp-content\/uploads\/2025\/09\/Rocha-Apartment-Barcelona-1024x683.jpg 1024w, https:\/\/colomboarchitecture.com\/wp-content\/uploads\/2025\/09\/Rocha-Apartment-Barcelona-768x512.jpg 768w\" sizes=\"(max-width: 1080px) 100vw, 1080px\" \/>\t\t\t\t\t\t\t\t<\/a>\n\t\t\t\t\t\t\t\t\t\t\t\t\t\t\t<\/div>\n\t\t\t\t<div class=\"elementor-element elementor-element-f5f46f7 elementor-widget elementor-widget-heading\" data-id=\"f5f46f7\" data-element_type=\"widget\" data-widget_type=\"heading.default\">\n\t\t\t\t\t<h2 class=\"elementor-heading-title elementor-size-default\"><a href=\"https:\/\/colomboarchitecture.com\/es\/rocha-apartment-barcelona\/\">Rocha Apartment, Barcelona<\/a><\/h2>\t\t\t\t<\/div>\n\t\t\t\t<div class=\"elementor-element elementor-element-49a014c elementor-widget elementor-widget-text-editor\" data-id=\"49a014c\" data-element_type=\"widget\" data-widget_type=\"text-editor.default\">\n\t\t\t\t\t\t\t\t\t<p>RESIDENCIAL, Apartamento Vacacional<\/p><p>Un apartamento descuidado en el centro de Barcelona, transformado en un abierto y luminoso <strong>apartamento vacacional<\/strong> , con un espacio de terraza que conecta interior y exterior.<\/p>\t\t\t\t\t\t\t\t<\/div>\n\t\t\t\t<\/div>\n\t\t\t\t<\/div>\n\t\t<div class=\"elementor-element elementor-element-75874f6 e-con-full e-flex e-con e-parent\" data-id=\"75874f6\" data-element_type=\"container\">\n\t\t<div class=\"elementor-element elementor-element-7caf31b e-con-full e-flex e-con e-child\" data-id=\"7caf31b\" data-element_type=\"container\">\n\t\t\t\t<div class=\"elementor-element elementor-element-99e7412 elementor-widget elementor-widget-image\" data-id=\"99e7412\" data-element_type=\"widget\" data-widget_type=\"image.default\">\n\t\t\t\t\t\t\t\t\t\t\t\t\t\t\t\t<a href=\"https:\/\/colomboarchitecture.com\/es\/the-white-retreat-sitges\/\">\n\t\t\t\t\t\t\t<img loading=\"lazy\" decoding=\"async\" width=\"1080\" height=\"720\" src=\"https:\/\/colomboarchitecture.com\/wp-content\/uploads\/2025\/09\/The-White-Retreat-Sitges.jpg\" class=\"attachment-full size-full wp-image-101\" alt=\"\" srcset=\"https:\/\/colomboarchitecture.com\/wp-content\/uploads\/2025\/09\/The-White-Retreat-Sitges.jpg 1080w, https:\/\/colomboarchitecture.com\/wp-content\/uploads\/2025\/09\/The-White-Retreat-Sitges-300x200.jpg 300w, https:\/\/colomboarchitecture.com\/wp-content\/uploads\/2025\/09\/The-White-Retreat-Sitges-1024x683.jpg 1024w, https:\/\/colomboarchitecture.com\/wp-content\/uploads\/2025\/09\/The-White-Retreat-Sitges-768x512.jpg 768w\" sizes=\"(max-width: 1080px) 100vw, 1080px\" \/>\t\t\t\t\t\t\t\t<\/a>\n\t\t\t\t\t\t\t\t\t\t\t\t\t\t\t<\/div>\n\t\t\t\t<div class=\"elementor-element elementor-element-b1d914a elementor-widget elementor-widget-heading\" data-id=\"b1d914a\" data-element_type=\"widget\" data-widget_type=\"heading.default\">\n\t\t\t\t\t<h2 class=\"elementor-heading-title elementor-size-default\"><a href=\"https:\/\/colomboarchitecture.com\/es\/the-white-retreat-sitges\/\">The White Retreat, Sitges<\/a><\/h2>\t\t\t\t<\/div>\n\t\t\t\t<div class=\"elementor-element elementor-element-2286601 elementor-widget elementor-widget-text-editor\" data-id=\"2286601\" data-element_type=\"widget\" data-widget_type=\"text-editor.default\">\n\t\t\t\t\t\t\t\t\t<p>RESIDENCIAL, Apartamento Vacacional<\/p><p>Un apartamento <strong>de fin de semana<\/strong> , totalmente blanco, junto a la playa, dise\u00f1ado y pensado para un curador de arte, en el que pueda exponer pinturas, m\u00fasica, objetos y libros. Un refugio vacacional \u00edntimo y sereno.<\/p>\t\t\t\t\t\t\t\t<\/div>\n\t\t\t\t<\/div>\n\t\t<div class=\"elementor-element elementor-element-fad140d e-con-full e-flex e-con e-child\" data-id=\"fad140d\" data-element_type=\"container\">\n\t\t\t\t<div class=\"elementor-element elementor-element-e07c4c7 elementor-widget elementor-widget-image\" data-id=\"e07c4c7\" data-element_type=\"widget\" data-widget_type=\"image.default\">\n\t\t\t\t\t\t\t\t\t\t\t\t\t\t\t\t<a href=\"https:\/\/colomboarchitecture.com\/es\/sinergics-barcelona\/\">\n\t\t\t\t\t\t\t<img loading=\"lazy\" decoding=\"async\" width=\"1080\" height=\"720\" src=\"https:\/\/colomboarchitecture.com\/wp-content\/uploads\/2025\/09\/Sinergics-Barcelona.jpg\" class=\"attachment-full size-full wp-image-102\" alt=\"\" srcset=\"https:\/\/colomboarchitecture.com\/wp-content\/uploads\/2025\/09\/Sinergics-Barcelona.jpg 1080w, https:\/\/colomboarchitecture.com\/wp-content\/uploads\/2025\/09\/Sinergics-Barcelona-300x200.jpg 300w, https:\/\/colomboarchitecture.com\/wp-content\/uploads\/2025\/09\/Sinergics-Barcelona-1024x683.jpg 1024w, https:\/\/colomboarchitecture.com\/wp-content\/uploads\/2025\/09\/Sinergics-Barcelona-768x512.jpg 768w\" sizes=\"(max-width: 1080px) 100vw, 1080px\" \/>\t\t\t\t\t\t\t\t<\/a>\n\t\t\t\t\t\t\t\t\t\t\t\t\t\t\t<\/div>\n\t\t\t\t<div class=\"elementor-element elementor-element-344f865 elementor-widget elementor-widget-heading\" data-id=\"344f865\" data-element_type=\"widget\" data-widget_type=\"heading.default\">\n\t\t\t\t\t<h2 class=\"elementor-heading-title elementor-size-default\"><a href=\"https:\/\/colomboarchitecture.com\/es\/sinergics-barcelona\/\">Sin\u00e9rgics, Barcelona<\/a><\/h2>\t\t\t\t<\/div>\n\t\t\t\t<div class=\"elementor-element elementor-element-1ec5999 elementor-widget elementor-widget-text-editor\" data-id=\"1ec5999\" data-element_type=\"widget\" data-widget_type=\"text-editor.default\">\n\t\t\t\t\t\t\t\t\t<p>COMERCIAL, Espacio De Co-Working<\/p><p>Un <strong>espacio de co-working<\/strong> para el Ayuntamiento de Barcelona, un proyecto social destinado a ayudar a las startups locales y a los peque\u00f1os negocios a prosperar.<\/p>\t\t\t\t\t\t\t\t<\/div>\n\t\t\t\t<\/div>\n\t\t<div class=\"elementor-element elementor-element-bb67e52 e-con-full e-flex e-con e-child\" data-id=\"bb67e52\" data-element_type=\"container\">\n\t\t\t\t<div class=\"elementor-element elementor-element-eeb0169 elementor-widget elementor-widget-image\" data-id=\"eeb0169\" data-element_type=\"widget\" data-widget_type=\"image.default\">\n\t\t\t\t\t\t\t\t\t\t\t\t\t\t\t\t<a href=\"https:\/\/colomboarchitecture.com\/es\/crec-eixample-barcelona\/\">\n\t\t\t\t\t\t\t<img loading=\"lazy\" decoding=\"async\" width=\"1080\" height=\"720\" src=\"https:\/\/colomboarchitecture.com\/wp-content\/uploads\/2025\/09\/CREC-Eixample-Barcelona.jpg\" class=\"attachment-full size-full wp-image-103\" alt=\"\" srcset=\"https:\/\/colomboarchitecture.com\/wp-content\/uploads\/2025\/09\/CREC-Eixample-Barcelona.jpg 1080w, https:\/\/colomboarchitecture.com\/wp-content\/uploads\/2025\/09\/CREC-Eixample-Barcelona-300x200.jpg 300w, https:\/\/colomboarchitecture.com\/wp-content\/uploads\/2025\/09\/CREC-Eixample-Barcelona-1024x683.jpg 1024w, https:\/\/colomboarchitecture.com\/wp-content\/uploads\/2025\/09\/CREC-Eixample-Barcelona-768x512.jpg 768w\" sizes=\"(max-width: 1080px) 100vw, 1080px\" \/>\t\t\t\t\t\t\t\t<\/a>\n\t\t\t\t\t\t\t\t\t\t\t\t\t\t\t<\/div>\n\t\t\t\t<div class=\"elementor-element elementor-element-82c4d5a elementor-widget elementor-widget-heading\" data-id=\"82c4d5a\" data-element_type=\"widget\" data-widget_type=\"heading.default\">\n\t\t\t\t\t<h2 class=\"elementor-heading-title elementor-size-default\"><a href=\"https:\/\/colomboarchitecture.com\/es\/crec-eixample-barcelona\/\">CREC Eixample, Barcelona<\/a><\/h2>\t\t\t\t<\/div>\n\t\t\t\t<div class=\"elementor-element elementor-element-f4e9d33 elementor-widget elementor-widget-text-editor\" data-id=\"f4e9d33\" data-element_type=\"widget\" data-widget_type=\"text-editor.default\">\n\t\t\t\t\t\t\t\t\t<p>COMERCIAL, Espacio De Co-Working<\/p><p>En el centro de Barcelona, un antiguo almac\u00e9n con bonitos detalles modernistas, transformado en 700 metros cuadrados de espacio di\u00e1fano y colorido, creando este maravilloso <strong>espacio de co-working<\/strong> para una multinacional.<\/p>\t\t\t\t\t\t\t\t<\/div>\n\t\t\t\t<\/div>\n\t\t\t\t<\/div>\n\t\t<div class=\"elementor-element elementor-element-fc06103 e-con-full e-flex e-con e-parent\" data-id=\"fc06103\" data-element_type=\"container\">\n\t\t<div class=\"elementor-element elementor-element-2aa8d59 e-con-full e-flex e-con e-child\" data-id=\"2aa8d59\" data-element_type=\"container\">\n\t\t\t\t<div class=\"elementor-element elementor-element-c6fb582 elementor-widget elementor-widget-image\" data-id=\"c6fb582\" data-element_type=\"widget\" data-widget_type=\"image.default\">\n\t\t\t\t\t\t\t\t\t\t\t\t\t\t\t\t<a href=\"https:\/\/colomboarchitecture.com\/es\/casa-h-bruxelles\/\">\n\t\t\t\t\t\t\t<img loading=\"lazy\" decoding=\"async\" width=\"1080\" height=\"720\" src=\"https:\/\/colomboarchitecture.com\/wp-content\/uploads\/2025\/09\/Casa-H-Bruxelles.jpg\" class=\"attachment-full size-full wp-image-104\" alt=\"\" srcset=\"https:\/\/colomboarchitecture.com\/wp-content\/uploads\/2025\/09\/Casa-H-Bruxelles.jpg 1080w, https:\/\/colomboarchitecture.com\/wp-content\/uploads\/2025\/09\/Casa-H-Bruxelles-300x200.jpg 300w, https:\/\/colomboarchitecture.com\/wp-content\/uploads\/2025\/09\/Casa-H-Bruxelles-1024x683.jpg 1024w, https:\/\/colomboarchitecture.com\/wp-content\/uploads\/2025\/09\/Casa-H-Bruxelles-768x512.jpg 768w\" sizes=\"(max-width: 1080px) 100vw, 1080px\" \/>\t\t\t\t\t\t\t\t<\/a>\n\t\t\t\t\t\t\t\t\t\t\t\t\t\t\t<\/div>\n\t\t\t\t<div class=\"elementor-element elementor-element-c8c1724 elementor-widget elementor-widget-heading\" data-id=\"c8c1724\" data-element_type=\"widget\" data-widget_type=\"heading.default\">\n\t\t\t\t\t<h2 class=\"elementor-heading-title elementor-size-default\"><a href=\"https:\/\/colomboarchitecture.com\/es\/casa-h-bruxelles\/\">Casa H, Bruxelles<\/a><\/h2>\t\t\t\t<\/div>\n\t\t\t\t<div class=\"elementor-element elementor-element-c320ed9 elementor-widget elementor-widget-text-editor\" data-id=\"c320ed9\" data-element_type=\"widget\" data-widget_type=\"text-editor.default\">\n\t\t\t\t\t\t\t\t\t<p>RESIDENCIAL<\/p><p>Un espacio de oficina redise\u00f1ado en un <strong>apartamento loft-like<\/strong> dentro de un edificio hist\u00f3rico de Louis Herman De Koninck, en una avenida c\u00e9ntrica de Bruselas, B\u00e9lgica.<\/p>\t\t\t\t\t\t\t\t<\/div>\n\t\t\t\t<\/div>\n\t\t\t\t<\/div>\n\t\t<div class=\"elementor-element elementor-element-71941d4 e-con-full e-flex e-con e-parent\" data-id=\"71941d4\" data-element_type=\"container\">\n\t\t\t\t<div class=\"elementor-element elementor-element-25d5ebb elementor-widget elementor-widget-heading\" data-id=\"25d5ebb\" data-element_type=\"widget\" data-widget_type=\"heading.default\">\n\t\t\t\t\t<h2 class=\"elementor-heading-title elementor-size-default\">Proyectos En Construcci\u00f3n<\/h2>\t\t\t\t<\/div>\n\t\t\t\t<div class=\"elementor-element elementor-element-4b6e795 elementor-widget elementor-widget-text-editor\" data-id=\"4b6e795\" data-element_type=\"widget\" data-widget_type=\"text-editor.default\">\n\t\t\t\t\t\t\t\t\t<p>\u00bfQu\u00e9 hay de nuevo? Los proyectos en los que Colombo Architecture est\u00e1 trabajando actualmente.<\/p>\t\t\t\t\t\t\t\t<\/div>\n\t\t<div class=\"elementor-element elementor-element-d569d70 e-con-full e-flex e-con e-child\" data-id=\"d569d70\" data-element_type=\"container\">\n\t\t<div class=\"elementor-element elementor-element-46528d1 e-con-full e-flex e-con e-child\" data-id=\"46528d1\" data-element_type=\"container\">\n\t\t\t\t<div class=\"elementor-element elementor-element-f8a0dcd elementor-widget elementor-widget-image\" data-id=\"f8a0dcd\" data-element_type=\"widget\" data-widget_type=\"image.default\">\n\t\t\t\t\t\t\t\t\t\t\t\t\t\t\t\t<a href=\"https:\/\/colomboarchitecture.com\/es\/alegra-beauty-salon-sarria-barcelona\/\">\n\t\t\t\t\t\t\t<img loading=\"lazy\" decoding=\"async\" width=\"1080\" height=\"720\" src=\"https:\/\/colomboarchitecture.com\/wp-content\/uploads\/2025\/09\/Alegra-Beauty-Salon-Sarria-Barcelona.jpg\" class=\"attachment-full size-full wp-image-114\" alt=\"\" srcset=\"https:\/\/colomboarchitecture.com\/wp-content\/uploads\/2025\/09\/Alegra-Beauty-Salon-Sarria-Barcelona.jpg 1080w, https:\/\/colomboarchitecture.com\/wp-content\/uploads\/2025\/09\/Alegra-Beauty-Salon-Sarria-Barcelona-300x200.jpg 300w, https:\/\/colomboarchitecture.com\/wp-content\/uploads\/2025\/09\/Alegra-Beauty-Salon-Sarria-Barcelona-1024x683.jpg 1024w, https:\/\/colomboarchitecture.com\/wp-content\/uploads\/2025\/09\/Alegra-Beauty-Salon-Sarria-Barcelona-768x512.jpg 768w\" sizes=\"(max-width: 1080px) 100vw, 1080px\" \/>\t\t\t\t\t\t\t\t<\/a>\n\t\t\t\t\t\t\t\t\t\t\t\t\t\t\t<\/div>\n\t\t\t\t<div class=\"elementor-element elementor-element-77bc959 elementor-widget elementor-widget-heading\" data-id=\"77bc959\" data-element_type=\"widget\" data-widget_type=\"heading.default\">\n\t\t\t\t\t<h2 class=\"elementor-heading-title elementor-size-default\"><a href=\"https:\/\/colomboarchitecture.com\/es\/alegra-beauty-salon-sarria-barcelona\/\">Alegra Beauty Salon, Sarri\u00e0, Barcelona<\/a><\/h2>\t\t\t\t<\/div>\n\t\t\t\t<div class=\"elementor-element elementor-element-5dbcfda elementor-widget elementor-widget-text-editor\" data-id=\"5dbcfda\" data-element_type=\"widget\" data-widget_type=\"text-editor.default\">\n\t\t\t\t\t\t\t\t\t<p>COMERCIAL, EN PROCESO<\/p><p>Alegra es un sofisticado y elegante <strong>sal\u00f3n de belleza<\/strong>, que abarca 400 metros cuadrados distribuidos en tres niveles, est\u00e1 dise\u00f1ado con acogedoras l\u00edneas curvas, texturas en contraste y una serena paleta de colores neutros. Un espacio muy especial, concebido con esmero para que los clientes se entreguen a tratamientos de belleza mientras disfrutan de comfort y relajaci\u00f3n. La apertura de este establecimiento tan singular es esperada con gran inter\u00e9s.<\/p>\t\t\t\t\t\t\t\t<\/div>\n\t\t\t\t<\/div>\n\t\t<div class=\"elementor-element elementor-element-4061c2d e-con-full e-flex e-con e-child\" data-id=\"4061c2d\" data-element_type=\"container\">\n\t\t\t\t<div class=\"elementor-element elementor-element-54f3669 elementor-widget elementor-widget-image\" data-id=\"54f3669\" data-element_type=\"widget\" data-widget_type=\"image.default\">\n\t\t\t\t\t\t\t\t\t\t\t\t\t\t\t\t<a href=\"https:\/\/colomboarchitecture.com\/es\/via-balilla-penthouse-milano\/\">\n\t\t\t\t\t\t\t<img loading=\"lazy\" decoding=\"async\" width=\"1080\" height=\"720\" src=\"https:\/\/colomboarchitecture.com\/wp-content\/uploads\/2025\/09\/Via-Balilla-Penthouse-Milano.jpg\" class=\"attachment-full size-full wp-image-115\" alt=\"\" srcset=\"https:\/\/colomboarchitecture.com\/wp-content\/uploads\/2025\/09\/Via-Balilla-Penthouse-Milano.jpg 1080w, https:\/\/colomboarchitecture.com\/wp-content\/uploads\/2025\/09\/Via-Balilla-Penthouse-Milano-300x200.jpg 300w, https:\/\/colomboarchitecture.com\/wp-content\/uploads\/2025\/09\/Via-Balilla-Penthouse-Milano-1024x683.jpg 1024w, https:\/\/colomboarchitecture.com\/wp-content\/uploads\/2025\/09\/Via-Balilla-Penthouse-Milano-768x512.jpg 768w\" sizes=\"(max-width: 1080px) 100vw, 1080px\" \/>\t\t\t\t\t\t\t\t<\/a>\n\t\t\t\t\t\t\t\t\t\t\t\t\t\t\t<\/div>\n\t\t\t\t<div class=\"elementor-element elementor-element-5ac5ac9 elementor-widget elementor-widget-heading\" data-id=\"5ac5ac9\" data-element_type=\"widget\" data-widget_type=\"heading.default\">\n\t\t\t\t\t<h2 class=\"elementor-heading-title elementor-size-default\"><a href=\"https:\/\/colomboarchitecture.com\/es\/via-balilla-penthouse-milano\/\">Via Balilla Penthouse, Milano<\/a><\/h2>\t\t\t\t<\/div>\n\t\t\t\t<div class=\"elementor-element elementor-element-ef44edc elementor-widget elementor-widget-text-editor\" data-id=\"ef44edc\" data-element_type=\"widget\" data-widget_type=\"text-editor.default\">\n\t\t\t\t\t\t\t\t\t<p>RESIDENCIAL, EN PROCESO<\/p><p>Nuestro primer proyecto milan\u00e9s es un reto apasionante. Un hermoso <strong>apartamento duplex<\/strong>, fruto de la cuidada unificaci\u00f3n de dos apartamentos independientes junto con dos buhardillas, situado en un edificio hist\u00f3rico en el coraz\u00f3n de Mil\u00e1n. En sus 180 metros cuadrados, este espacio \u00fanico cuenta con una larga terraza verde que eleva la experiencia de habitarlo. Su nueva cocina de doble altura, con altillo, lo hace perfecto para una familia joven que comparte una profunda pasi\u00f3n tanto por la cocina como por la literatura. Pr\u00f3ximamente ser\u00e1 publicado.<\/p>\t\t\t\t\t\t\t\t<\/div>\n\t\t\t\t<\/div>\n\t\t\t\t<\/div>\n\t\t<div class=\"elementor-element elementor-element-e478e66 e-con-full e-flex e-con e-child\" data-id=\"e478e66\" data-element_type=\"container\">\n\t\t<div class=\"elementor-element elementor-element-14343b9 e-con-full e-flex e-con e-child\" data-id=\"14343b9\" data-element_type=\"container\">\n\t\t\t\t<div class=\"elementor-element elementor-element-ebdc443 elementor-widget elementor-widget-image\" data-id=\"ebdc443\" data-element_type=\"widget\" data-widget_type=\"image.default\">\n\t\t\t\t\t\t\t\t\t\t\t\t\t\t\t\t<a href=\"https:\/\/colomboarchitecture.com\/es\/eixample-apartment-barcelona\/\">\n\t\t\t\t\t\t\t<img loading=\"lazy\" decoding=\"async\" width=\"1080\" height=\"720\" src=\"https:\/\/colomboarchitecture.com\/wp-content\/uploads\/2025\/09\/Eixample-Apartment-Barcelona.jpg\" class=\"attachment-full size-full wp-image-116\" alt=\"\" srcset=\"https:\/\/colomboarchitecture.com\/wp-content\/uploads\/2025\/09\/Eixample-Apartment-Barcelona.jpg 1080w, https:\/\/colomboarchitecture.com\/wp-content\/uploads\/2025\/09\/Eixample-Apartment-Barcelona-300x200.jpg 300w, https:\/\/colomboarchitecture.com\/wp-content\/uploads\/2025\/09\/Eixample-Apartment-Barcelona-1024x683.jpg 1024w, https:\/\/colomboarchitecture.com\/wp-content\/uploads\/2025\/09\/Eixample-Apartment-Barcelona-768x512.jpg 768w\" sizes=\"(max-width: 1080px) 100vw, 1080px\" \/>\t\t\t\t\t\t\t\t<\/a>\n\t\t\t\t\t\t\t\t\t\t\t\t\t\t\t<\/div>\n\t\t\t\t<div class=\"elementor-element elementor-element-24de8db elementor-widget elementor-widget-heading\" data-id=\"24de8db\" data-element_type=\"widget\" data-widget_type=\"heading.default\">\n\t\t\t\t\t<h2 class=\"elementor-heading-title elementor-size-default\"><a href=\"https:\/\/colomboarchitecture.com\/es\/eixample-apartment-barcelona\/\">Eixample Apartment, Barcelona<\/a><\/h2>\t\t\t\t<\/div>\n\t\t\t\t<div class=\"elementor-element elementor-element-299f11c elementor-widget elementor-widget-text-editor\" data-id=\"299f11c\" data-element_type=\"widget\" data-widget_type=\"text-editor.default\">\n\t\t\t\t\t\t\t\t\t<p>RESIDENCIAL, EN PROCESO<\/p><p>En un edificio hist\u00f3rico, dise\u00f1ado por un arquitecto contempor\u00e1neo de Gaud\u00ed, se encuentra un apartamento verdaderamente especial que presume de numerosos elementos originales de \u00e9poca que hemos restaurado y preservado. Esta singular propiedad de 130 metros cuadrados, con alma antigua, alberga ahora espacios de vida claramente contempor\u00e1neos, a la vez acogedores y funcionales, que ofrecen amplias \u00e1reas para ser disfrutadas y vividas plenamente.<\/p>\t\t\t\t\t\t\t\t<\/div>\n\t\t\t\t<\/div>\n\t\t<div class=\"elementor-element elementor-element-4953be8 e-con-full e-flex e-con e-child\" data-id=\"4953be8\" data-element_type=\"container\">\n\t\t\t\t<div class=\"elementor-element elementor-element-fea33f3 elementor-widget elementor-widget-image\" data-id=\"fea33f3\" data-element_type=\"widget\" data-widget_type=\"image.default\">\n\t\t\t\t\t\t\t\t\t\t\t\t\t\t\t\t<a href=\"https:\/\/colomboarchitecture.com\/es\/seaside-apartment-gijon\/\">\n\t\t\t\t\t\t\t<img loading=\"lazy\" decoding=\"async\" width=\"1080\" height=\"720\" src=\"https:\/\/colomboarchitecture.com\/wp-content\/uploads\/2025\/09\/Seaside-Apartment-Gijon.jpg\" class=\"attachment-full size-full wp-image-117\" alt=\"\" srcset=\"https:\/\/colomboarchitecture.com\/wp-content\/uploads\/2025\/09\/Seaside-Apartment-Gijon.jpg 1080w, https:\/\/colomboarchitecture.com\/wp-content\/uploads\/2025\/09\/Seaside-Apartment-Gijon-300x200.jpg 300w, https:\/\/colomboarchitecture.com\/wp-content\/uploads\/2025\/09\/Seaside-Apartment-Gijon-1024x683.jpg 1024w, https:\/\/colomboarchitecture.com\/wp-content\/uploads\/2025\/09\/Seaside-Apartment-Gijon-768x512.jpg 768w\" sizes=\"(max-width: 1080px) 100vw, 1080px\" \/>\t\t\t\t\t\t\t\t<\/a>\n\t\t\t\t\t\t\t\t\t\t\t\t\t\t\t<\/div>\n\t\t\t\t<div class=\"elementor-element elementor-element-307c650 elementor-widget elementor-widget-heading\" data-id=\"307c650\" data-element_type=\"widget\" data-widget_type=\"heading.default\">\n\t\t\t\t\t<h2 class=\"elementor-heading-title elementor-size-default\"><a href=\"https:\/\/colomboarchitecture.com\/es\/seaside-apartment-gijon\/\">Seaside Apartment, Gij\u00f3n<\/a><\/h2>\t\t\t\t<\/div>\n\t\t\t\t<div class=\"elementor-element elementor-element-676271f elementor-widget elementor-widget-text-editor\" data-id=\"676271f\" data-element_type=\"widget\" data-widget_type=\"text-editor.default\">\n\t\t\t\t\t\t\t\t\t<p>RESIDENCIAL, EN PROCESO<\/p><p>Un id\u00edlico <strong>apartamento vacacional<\/strong> frente al mar concebido espec\u00edficamente para una familia astur-belga, situado en una posici\u00f3n privilegiada con vistas a la impresionante playa de San Lorenzo, en Gij\u00f3n. El espacio ofrece una atm\u00f3sfera fresca y abierta, complementada por acabados sencillos pero t\u00e1ctiles. Todas las decisiones de dise\u00f1o se orientan a maximizar las sobrecogedoras vistas al golfo de Vizcaya, asegurando que sigan siendo el punto focal de todo el proyecto.<\/p>\t\t\t\t\t\t\t\t<\/div>\n\t\t\t\t<\/div>\n\t\t\t\t<\/div>\n\t\t\t\t<\/div>\n\t\t<div class=\"elementor-element elementor-element-c6bd7a7 e-con-full e-flex e-con e-parent\" data-id=\"c6bd7a7\" data-element_type=\"container\">\n\t\t<div class=\"elementor-element elementor-element-9fdbc78 e-con-full e-flex e-con e-child\" data-id=\"9fdbc78\" data-element_type=\"container\">\n\t\t\t\t<div class=\"elementor-element elementor-element-6e23166 elementor-widget elementor-widget-image\" data-id=\"6e23166\" data-element_type=\"widget\" data-widget_type=\"image.default\">\n\t\t\t\t\t\t\t\t\t\t\t\t\t\t\t\t<a href=\"https:\/\/colomboarchitecture.com\/es\/apartment-in-la-ribera-barcelona\/\">\n\t\t\t\t\t\t\t<img loading=\"lazy\" decoding=\"async\" width=\"1080\" height=\"720\" src=\"https:\/\/colomboarchitecture.com\/wp-content\/uploads\/2025\/09\/Apartment-in-La-Ribera-Barcelon.jpg\" class=\"attachment-full size-full wp-image-118\" alt=\"\" srcset=\"https:\/\/colomboarchitecture.com\/wp-content\/uploads\/2025\/09\/Apartment-in-La-Ribera-Barcelon.jpg 1080w, https:\/\/colomboarchitecture.com\/wp-content\/uploads\/2025\/09\/Apartment-in-La-Ribera-Barcelon-300x200.jpg 300w, https:\/\/colomboarchitecture.com\/wp-content\/uploads\/2025\/09\/Apartment-in-La-Ribera-Barcelon-1024x683.jpg 1024w, https:\/\/colomboarchitecture.com\/wp-content\/uploads\/2025\/09\/Apartment-in-La-Ribera-Barcelon-768x512.jpg 768w\" sizes=\"(max-width: 1080px) 100vw, 1080px\" \/>\t\t\t\t\t\t\t\t<\/a>\n\t\t\t\t\t\t\t\t\t\t\t\t\t\t\t<\/div>\n\t\t\t\t<div class=\"elementor-element elementor-element-fc68841 elementor-widget elementor-widget-heading\" data-id=\"fc68841\" data-element_type=\"widget\" data-widget_type=\"heading.default\">\n\t\t\t\t\t<h2 class=\"elementor-heading-title elementor-size-default\"><a href=\"https:\/\/colomboarchitecture.com\/es\/apartment-in-la-ribera-barcelona\/\">Apartmento en La Ribera, Barcelona<\/a><\/h2>\t\t\t\t<\/div>\n\t\t\t\t<div class=\"elementor-element elementor-element-80dcfa2 elementor-widget elementor-widget-text-editor\" data-id=\"80dcfa2\" data-element_type=\"widget\" data-widget_type=\"text-editor.default\">\n\t\t\t\t\t\t\t\t\t<p>RESIDENCIAL, EN PROCESO<\/p><p>Un compacto <strong>apartamento vacacional<\/strong> en el que cada metro cuadrado se aprovecha al m\u00e1ximo, con una paleta de materiales naturales y t\u00e1ctiles.<\/p>\t\t\t\t\t\t\t\t<\/div>\n\t\t\t\t<\/div>\n\t\t<div class=\"elementor-element elementor-element-5043825 e-con-full e-flex e-con e-child\" data-id=\"5043825\" data-element_type=\"container\">\n\t\t\t\t<div class=\"elementor-element elementor-element-a649cae elementor-widget elementor-widget-image\" data-id=\"a649cae\" data-element_type=\"widget\" data-widget_type=\"image.default\">\n\t\t\t\t\t\t\t\t\t\t\t\t\t\t\t<img loading=\"lazy\" decoding=\"async\" width=\"1080\" height=\"720\" src=\"https:\/\/colomboarchitecture.com\/wp-content\/uploads\/2025\/09\/House-in-the-woods-Pennsylvania.jpg\" class=\"attachment-full size-full wp-image-119\" alt=\"\" srcset=\"https:\/\/colomboarchitecture.com\/wp-content\/uploads\/2025\/09\/House-in-the-woods-Pennsylvania.jpg 1080w, https:\/\/colomboarchitecture.com\/wp-content\/uploads\/2025\/09\/House-in-the-woods-Pennsylvania-300x200.jpg 300w, https:\/\/colomboarchitecture.com\/wp-content\/uploads\/2025\/09\/House-in-the-woods-Pennsylvania-1024x683.jpg 1024w, https:\/\/colomboarchitecture.com\/wp-content\/uploads\/2025\/09\/House-in-the-woods-Pennsylvania-768x512.jpg 768w\" sizes=\"(max-width: 1080px) 100vw, 1080px\" \/>\t\t\t\t\t\t\t\t\t\t\t\t\t\t\t<\/div>\n\t\t\t\t<div class=\"elementor-element elementor-element-e604f42 elementor-widget elementor-widget-heading\" data-id=\"e604f42\" data-element_type=\"widget\" data-widget_type=\"heading.default\">\n\t\t\t\t\t<h2 class=\"elementor-heading-title elementor-size-default\">House in the woods, Pennsylvania<\/h2>\t\t\t\t<\/div>\n\t\t\t\t<div class=\"elementor-element elementor-element-85ce698 elementor-widget elementor-widget-text-editor\" data-id=\"85ce698\" data-element_type=\"widget\" data-widget_type=\"text-editor.default\">\n\t\t\t\t\t\t\t\t\t<p>RESIDENCIAL, EN PROCESO<\/p><p>Los interiores de una <strong>caba\u00f1a de madera<\/strong> pendiente de reforma, en un entorno maravilloso, en un bosque y junto a un lago.<\/p>\t\t\t\t\t\t\t\t<\/div>\n\t\t\t\t<\/div>\n\t\t<div class=\"elementor-element elementor-element-5b8a4a7 e-con-full e-flex e-con e-child\" data-id=\"5b8a4a7\" data-element_type=\"container\">\n\t\t\t\t<div class=\"elementor-element elementor-element-5594a71 elementor-widget elementor-widget-image\" data-id=\"5594a71\" data-element_type=\"widget\" data-widget_type=\"image.default\">\n\t\t\t\t\t\t\t\t\t\t\t\t\t\t\t<img loading=\"lazy\" decoding=\"async\" width=\"1080\" height=\"720\" src=\"https:\/\/colomboarchitecture.com\/wp-content\/uploads\/2025\/09\/De-Fre-Apartment-Bruxelles.jpg\" class=\"attachment-full size-full wp-image-120\" alt=\"\" srcset=\"https:\/\/colomboarchitecture.com\/wp-content\/uploads\/2025\/09\/De-Fre-Apartment-Bruxelles.jpg 1080w, https:\/\/colomboarchitecture.com\/wp-content\/uploads\/2025\/09\/De-Fre-Apartment-Bruxelles-300x200.jpg 300w, https:\/\/colomboarchitecture.com\/wp-content\/uploads\/2025\/09\/De-Fre-Apartment-Bruxelles-1024x683.jpg 1024w, https:\/\/colomboarchitecture.com\/wp-content\/uploads\/2025\/09\/De-Fre-Apartment-Bruxelles-768x512.jpg 768w\" sizes=\"(max-width: 1080px) 100vw, 1080px\" \/>\t\t\t\t\t\t\t\t\t\t\t\t\t\t\t<\/div>\n\t\t\t\t<div class=\"elementor-element elementor-element-0453ec1 elementor-widget elementor-widget-heading\" data-id=\"0453ec1\" data-element_type=\"widget\" data-widget_type=\"heading.default\">\n\t\t\t\t\t<h2 class=\"elementor-heading-title elementor-size-default\">De Fre Apartment, Bruxelles<\/h2>\t\t\t\t<\/div>\n\t\t\t\t<div class=\"elementor-element elementor-element-8b3f8bb elementor-widget elementor-widget-text-editor\" data-id=\"8b3f8bb\" data-element_type=\"widget\" data-widget_type=\"text-editor.default\">\n\t\t\t\t\t\t\t\t\t<p>RESIDENCIAL, EN PROCESO<\/p><p>La reforma de un <strong>apartamento<\/strong> en la capital belga, concebida para una madre y sus dos hijas peque\u00f1as.<\/p>\t\t\t\t\t\t\t\t<\/div>\n\t\t\t\t<\/div>\n\t\t\t\t<\/div>\n\t\t<div class=\"elementor-element elementor-element-ffa8845 e-con-full e-flex e-con e-parent\" data-id=\"ffa8845\" data-element_type=\"container\">\n\t\t\t\t<div class=\"elementor-element elementor-element-ba7ff4c elementor-widget elementor-widget-heading\" data-id=\"ba7ff4c\" data-element_type=\"widget\" data-widget_type=\"heading.default\">\n\t\t\t\t\t<h2 class=\"elementor-heading-title elementor-size-default\">Dise\u00f1o De Mobiliario\n<\/h2>\t\t\t\t<\/div>\n\t\t<div class=\"elementor-element elementor-element-2c10d7f e-con-full e-flex e-con e-child\" data-id=\"2c10d7f\" data-element_type=\"container\">\n\t\t<div class=\"elementor-element elementor-element-ab2fedd e-con-full e-flex e-con e-child\" data-id=\"ab2fedd\" data-element_type=\"container\">\n\t\t\t\t<div class=\"elementor-element elementor-element-7622f3e elementor-widget elementor-widget-image\" data-id=\"7622f3e\" data-element_type=\"widget\" data-widget_type=\"image.default\">\n\t\t\t\t\t\t\t\t\t\t\t\t\t\t\t\t<a href=\"https:\/\/colomboarchitecture.com\/es\/globe-fold-sconce-by-metalware\/\">\n\t\t\t\t\t\t\t<img loading=\"lazy\" decoding=\"async\" width=\"1080\" height=\"720\" src=\"https:\/\/colomboarchitecture.com\/wp-content\/uploads\/2025\/09\/Globe-Fold-Sconce-by-Metalware.jpg\" class=\"attachment-full size-full wp-image-121\" alt=\"\" srcset=\"https:\/\/colomboarchitecture.com\/wp-content\/uploads\/2025\/09\/Globe-Fold-Sconce-by-Metalware.jpg 1080w, https:\/\/colomboarchitecture.com\/wp-content\/uploads\/2025\/09\/Globe-Fold-Sconce-by-Metalware-300x200.jpg 300w, https:\/\/colomboarchitecture.com\/wp-content\/uploads\/2025\/09\/Globe-Fold-Sconce-by-Metalware-1024x683.jpg 1024w, https:\/\/colomboarchitecture.com\/wp-content\/uploads\/2025\/09\/Globe-Fold-Sconce-by-Metalware-768x512.jpg 768w\" sizes=\"(max-width: 1080px) 100vw, 1080px\" \/>\t\t\t\t\t\t\t\t<\/a>\n\t\t\t\t\t\t\t\t\t\t\t\t\t\t\t<\/div>\n\t\t\t\t<div class=\"elementor-element elementor-element-59e35b0 elementor-widget elementor-widget-heading\" data-id=\"59e35b0\" data-element_type=\"widget\" data-widget_type=\"heading.default\">\n\t\t\t\t\t<h2 class=\"elementor-heading-title elementor-size-default\"><a href=\"https:\/\/colomboarchitecture.com\/es\/globe-fold-sconce-by-metalware\/\">Globe Fold Sconce by Metalware<\/a><\/h2>\t\t\t\t<\/div>\n\t\t\t\t<div class=\"elementor-element elementor-element-55b3b2f elementor-widget elementor-widget-text-editor\" data-id=\"55b3b2f\" data-element_type=\"widget\" data-widget_type=\"text-editor.default\">\n\t\t\t\t\t\t\t\t\t<p>Dise\u00f1o De Mobiliario<\/p><p>Una l\u00e1mpara sencilla y sofisticada <strong>,<\/strong> con gran presencia, dise\u00f1ada para un proyecto espec\u00edfico pero capaz de aportar una c\u00e1lida luz a cualquier espacio.<\/p>\t\t\t\t\t\t\t\t<\/div>\n\t\t\t\t<\/div>\n\t\t<div class=\"elementor-element elementor-element-e50fcfd e-con-full e-flex e-con e-child\" data-id=\"e50fcfd\" data-element_type=\"container\">\n\t\t\t\t<div class=\"elementor-element elementor-element-31efe10 elementor-widget elementor-widget-image\" data-id=\"31efe10\" data-element_type=\"widget\" data-widget_type=\"image.default\">\n\t\t\t\t\t\t\t\t\t\t\t\t\t\t\t\t<a href=\"https:\/\/colomboarchitecture.com\/es\/pdg-bookshelf-and-cabinet-system\/\">\n\t\t\t\t\t\t\t<img loading=\"lazy\" decoding=\"async\" width=\"1080\" height=\"720\" src=\"https:\/\/colomboarchitecture.com\/wp-content\/uploads\/2025\/09\/PdG-Bookshelf-and-Cabinet-System.jpg\" class=\"attachment-full size-full wp-image-122\" alt=\"\" srcset=\"https:\/\/colomboarchitecture.com\/wp-content\/uploads\/2025\/09\/PdG-Bookshelf-and-Cabinet-System.jpg 1080w, https:\/\/colomboarchitecture.com\/wp-content\/uploads\/2025\/09\/PdG-Bookshelf-and-Cabinet-System-300x200.jpg 300w, https:\/\/colomboarchitecture.com\/wp-content\/uploads\/2025\/09\/PdG-Bookshelf-and-Cabinet-System-1024x683.jpg 1024w, https:\/\/colomboarchitecture.com\/wp-content\/uploads\/2025\/09\/PdG-Bookshelf-and-Cabinet-System-768x512.jpg 768w\" sizes=\"(max-width: 1080px) 100vw, 1080px\" \/>\t\t\t\t\t\t\t\t<\/a>\n\t\t\t\t\t\t\t\t\t\t\t\t\t\t\t<\/div>\n\t\t\t\t<div class=\"elementor-element elementor-element-327e37c elementor-widget elementor-widget-heading\" data-id=\"327e37c\" data-element_type=\"widget\" data-widget_type=\"heading.default\">\n\t\t\t\t\t<h2 class=\"elementor-heading-title elementor-size-default\"><a href=\"https:\/\/colomboarchitecture.com\/es\/pdg-bookshelf-and-cabinet-system\/\">PdG Bookshelf and Cabinet System<\/a><\/h2>\t\t\t\t<\/div>\n\t\t\t\t<div class=\"elementor-element elementor-element-1631642 elementor-widget elementor-widget-text-editor\" data-id=\"1631642\" data-element_type=\"widget\" data-widget_type=\"text-editor.default\">\n\t\t\t\t\t\t\t\t\t<p>Dise\u00f1o De Mobiliario<\/p><p>Un mueble de almacenaje de gran capacidad y, al mismo tiempo sofisticado, <strong>una unidad de almacenaje<\/strong> que alterna espejos de bronce y paneles correderos de mimbre con una estructura tubular met\u00e1lica y detalles en lat\u00f3n.<\/p>\t\t\t\t\t\t\t\t<\/div>\n\t\t\t\t<\/div>\n\t\t\t\t<\/div>\n\t\t\t\t<\/div>\n\t\t\t\t<\/div>","protected":false},"excerpt":{"rendered":"<p>Selected Architectural Projects Palau Apartment, Barcelona RESIDENTIAL In the heart of Barcelona&#8217;s historic old town, an old apartment has been thoughtfully refurbished, incorporating ancient elements through a carefully considered \u2018wabi-sabi\u2018 philosophy. This design approach embraces the beauty of imperfection, creating a unique atmosphere. The lofty space features striking double-height ceilings with massive wooden beams, enhancing [&hellip;]<\/p>","protected":false},"author":1,"featured_media":0,"parent":0,"menu_order":0,"comment_status":"closed","ping_status":"closed","template":"","meta":{"footnotes":""},"class_list":["post-28","page","type-page","status-publish","hentry"],"_links":{"self":[{"href":"https:\/\/colomboarchitecture.com\/es\/wp-json\/wp\/v2\/pages\/28","targetHints":{"allow":["GET"]}}],"collection":[{"href":"https:\/\/colomboarchitecture.com\/es\/wp-json\/wp\/v2\/pages"}],"about":[{"href":"https:\/\/colomboarchitecture.com\/es\/wp-json\/wp\/v2\/types\/page"}],"author":[{"embeddable":true,"href":"https:\/\/colomboarchitecture.com\/es\/wp-json\/wp\/v2\/users\/1"}],"replies":[{"embeddable":true,"href":"https:\/\/colomboarchitecture.com\/es\/wp-json\/wp\/v2\/comments?post=28"}],"version-history":[{"count":112,"href":"https:\/\/colomboarchitecture.com\/es\/wp-json\/wp\/v2\/pages\/28\/revisions"}],"predecessor-version":[{"id":1397,"href":"https:\/\/colomboarchitecture.com\/es\/wp-json\/wp\/v2\/pages\/28\/revisions\/1397"}],"wp:attachment":[{"href":"https:\/\/colomboarchitecture.com\/es\/wp-json\/wp\/v2\/media?parent=28"}],"curies":[{"name":"wp","href":"https:\/\/api.w.org\/{rel}","templated":true}]}}